{"id":33674,"date":"2025-07-08T12:05:35","date_gmt":"2025-07-08T10:05:35","guid":{"rendered":"https:\/\/www.clubdelviatger.cat\/?post_type=viatges&#038;p=33674"},"modified":"2025-07-08T12:17:44","modified_gmt":"2025-07-08T10:17:44","slug":"contempla-eclipse-solar-espana","status":"publish","type":"viatges","link":"https:\/\/www.clubdelviatger.cat\/es\/viaje\/contempla-eclipse-solar-espana\/","title":{"rendered":"Eclipse solar total en Burgos y La Rioja"},"content":{"rendered":"\n<p>El <a href=\"https:\/\/www.clubdelviatger.cat\/es\" rel=\"sponsored nofollow\"><strong>Club del Viatger<\/strong><\/a> te invita a vivir una experiencia extraordinaria, de esas que solo ocurren una vez en la vida. Nos adentraremos en tierras llenas de historia, cultura y paisajes fascinantes en un viaje dise\u00f1ado para un momento \u00fanico: <strong>contempla el <\/strong><a href=\"https:\/\/astronomia.ign.es\/eclipses-de-sol-y-luna\/eclipse-total-sol-de-12-de-agosto-2026\"><strong>eclipse solar total<\/strong><\/a><strong> en Burgos y La Rioja<\/strong>, el 12 de agosto de 2026, uno de los fen\u00f3menos astron\u00f3micos m\u00e1s impactantes que se pueden presenciar desde la Tierra.<\/p>\n\n\n\n<p>Emprenderemos camino hacia Logro\u00f1o, la vibrante capital de La Rioja. Durante el recorrido descubriremos joyas como el Monasterio de Yuso, Santo Domingo de la Calzada y Haro, capital del vino de Rioja. No faltar\u00e1 el ambiente cultural ni el patrimonio de una tierra rica en tradiciones.<\/p>\n\n\n\n<p>Visitaremos la ciudad monumental de Burgos, conocida por su imponente catedral y su legado medieval. Nos trasladaremos al sur de la provincia para vivir el momento culminante del viaje: contempla el eclipse solar total en Burgos, donde el d\u00eda se transforma en noche, el cielo cambia de color y el silencio se impone durante unos instantes m\u00e1gicos.<\/p>\n\n\n\n<p><\/p>\n","protected":false},"excerpt":{"rendered":"<p>El Club del Viatger te invita a vivir una experiencia extraordinaria, de esas que solo ocurren una vez en la vida. Nos adentraremos en tierras llenas de historia, cultura y paisajes fascinantes en un viaje dise\u00f1ado para un momento \u00fanico: contempla el eclipse solar total en Burgos y La Rioja, el 12 de agosto de [&hellip;]<\/p>\n","protected":false},"featured_media":33673,"template":"","p_categories":[130],"p_calendari":[187,185],"class_list":["post-33674","viatges","type-viatges","status-publish","has-post-thumbnail","hentry","p_categories-viajes-por-espana","p_calendari-agosto-2026","p_calendari-calendario-viajes-2026"],"yoast_head":"<!-- This site is optimized with the Yoast SEO plugin v27.5 - https:\/\/yoast.com\/product\/yoast-seo-wordpress\/ -->\n<title>Contempla el eclipse solar total en Burgos y la Rioja &#8226; Club del Viatger<\/title>\n<meta name=\"description\" content=\"Contempla el eclipse total solar en Burgos y La Rioja. Cultura, paisajes y un fen\u00f3meno natural que te dejar\u00e1 sin palabras.\" \/>\n<meta name=\"robots\" content=\"index, follow, max-snippet:-1, max-image-preview:large, max-video-preview:-1\" \/>\n<link rel=\"canonical\" href=\"https:\/\/www.clubdelviatger.cat\/es\/viaje\/contempla-eclipse-solar-espana\/\" \/>\n<meta property=\"og:locale\" content=\"es_ES\" \/>\n<meta property=\"og:type\" content=\"article\" \/>\n<meta property=\"og:title\" content=\"Contempla el eclipse solar total en Burgos y la Rioja &#8226; Club del Viatger\" \/>\n<meta property=\"og:description\" content=\"Contempla el eclipse total solar en Burgos y La Rioja. Cultura, paisajes y un fen\u00f3meno natural que te dejar\u00e1 sin palabras.\" \/>\n<meta property=\"og:url\" content=\"https:\/\/www.clubdelviatger.cat\/es\/viaje\/contempla-eclipse-solar-espana\/\" \/>\n<meta property=\"og:site_name\" content=\"Club del Viatger\" \/>\n<meta property=\"article:publisher\" content=\"https:\/\/www.facebook.com\/clubdelviatger.cat\/\" \/>\n<meta property=\"article:modified_time\" content=\"2025-07-08T10:17:44+00:00\" \/>\n<meta property=\"og:image\" content=\"https:\/\/www.clubdelviatger.cat\/wp-content\/uploads\/2025\/07\/Copia-de-Redimensio-de-les-imatges-1-min-3.png\" \/>\n\t<meta property=\"og:image:width\" content=\"1920\" \/>\n\t<meta property=\"og:image:height\" content=\"1080\" \/>\n\t<meta property=\"og:image:type\" content=\"image\/png\" \/>\n<meta name=\"twitter:card\" content=\"summary_large_image\" \/>\n<meta name=\"twitter:label1\" content=\"Tiempo de lectura\" \/>\n\t<meta name=\"twitter:data1\" content=\"2 minutos\" \/>\n<script type=\"application\/ld+json\" class=\"yoast-schema-graph\">{\"@context\":\"https:\\\/\\\/schema.org\",\"@graph\":[{\"@type\":\"WebPage\",\"@id\":\"https:\\\/\\\/www.clubdelviatger.cat\\\/es\\\/viaje\\\/contempla-eclipse-solar-espana\\\/\",\"url\":\"https:\\\/\\\/www.clubdelviatger.cat\\\/es\\\/viaje\\\/contempla-eclipse-solar-espana\\\/\",\"name\":\"Contempla el eclipse solar total en Burgos y la Rioja &#8226; Club del Viatger\",\"isPartOf\":{\"@id\":\"https:\\\/\\\/www.clubdelviatger.cat\\\/es\\\/#website\"},\"primaryImageOfPage\":{\"@id\":\"https:\\\/\\\/www.clubdelviatger.cat\\\/es\\\/viaje\\\/contempla-eclipse-solar-espana\\\/#primaryimage\"},\"image\":{\"@id\":\"https:\\\/\\\/www.clubdelviatger.cat\\\/es\\\/viaje\\\/contempla-eclipse-solar-espana\\\/#primaryimage\"},\"thumbnailUrl\":\"https:\\\/\\\/www.clubdelviatger.cat\\\/wp-content\\\/uploads\\\/2025\\\/07\\\/Copia-de-Redimensio-de-les-imatges-1-min-3.png\",\"datePublished\":\"2025-07-08T10:05:35+00:00\",\"dateModified\":\"2025-07-08T10:17:44+00:00\",\"description\":\"Contempla el eclipse total solar en Burgos y La Rioja. Cultura, paisajes y un fen\u00f3meno natural que te dejar\u00e1 sin palabras.\",\"breadcrumb\":{\"@id\":\"https:\\\/\\\/www.clubdelviatger.cat\\\/es\\\/viaje\\\/contempla-eclipse-solar-espana\\\/#breadcrumb\"},\"inLanguage\":\"es\",\"potentialAction\":[{\"@type\":\"ReadAction\",\"target\":[\"https:\\\/\\\/www.clubdelviatger.cat\\\/es\\\/viaje\\\/contempla-eclipse-solar-espana\\\/\"]}]},{\"@type\":\"ImageObject\",\"inLanguage\":\"es\",\"@id\":\"https:\\\/\\\/www.clubdelviatger.cat\\\/es\\\/viaje\\\/contempla-eclipse-solar-espana\\\/#primaryimage\",\"url\":\"https:\\\/\\\/www.clubdelviatger.cat\\\/wp-content\\\/uploads\\\/2025\\\/07\\\/Copia-de-Redimensio-de-les-imatges-1-min-3.png\",\"contentUrl\":\"https:\\\/\\\/www.clubdelviatger.cat\\\/wp-content\\\/uploads\\\/2025\\\/07\\\/Copia-de-Redimensio-de-les-imatges-1-min-3.png\",\"width\":1920,\"height\":1080,\"caption\":\"Contempla eclipse solar total en Burgos\"},{\"@type\":\"BreadcrumbList\",\"@id\":\"https:\\\/\\\/www.clubdelviatger.cat\\\/es\\\/viaje\\\/contempla-eclipse-solar-espana\\\/#breadcrumb\",\"itemListElement\":[{\"@type\":\"ListItem\",\"position\":1,\"name\":\"Viatges\",\"item\":\"https:\\\/\\\/www.clubdelviatger.cat\\\/es\\\/viaje\\\/\"},{\"@type\":\"ListItem\",\"position\":2,\"name\":\"Eclipse solar total en Burgos y La Rioja\"}]},{\"@type\":\"WebSite\",\"@id\":\"https:\\\/\\\/www.clubdelviatger.cat\\\/es\\\/#website\",\"url\":\"https:\\\/\\\/www.clubdelviatger.cat\\\/es\\\/\",\"name\":\"Club del Viatger\",\"description\":\"L&#039;\u00e8xit de qualsevol viatge, \u00e9s una bona companyia\",\"publisher\":{\"@id\":\"https:\\\/\\\/www.clubdelviatger.cat\\\/es\\\/#organization\"},\"alternateName\":\"Club del Viatger\",\"potentialAction\":[{\"@type\":\"SearchAction\",\"target\":{\"@type\":\"EntryPoint\",\"urlTemplate\":\"https:\\\/\\\/www.clubdelviatger.cat\\\/es\\\/?s={search_term_string}\"},\"query-input\":{\"@type\":\"PropertyValueSpecification\",\"valueRequired\":true,\"valueName\":\"search_term_string\"}}],\"inLanguage\":\"es\"},{\"@type\":\"Organization\",\"@id\":\"https:\\\/\\\/www.clubdelviatger.cat\\\/es\\\/#organization\",\"name\":\"Club del Viatger\",\"url\":\"https:\\\/\\\/www.clubdelviatger.cat\\\/es\\\/\",\"logo\":{\"@type\":\"ImageObject\",\"inLanguage\":\"es\",\"@id\":\"https:\\\/\\\/www.clubdelviatger.cat\\\/es\\\/#\\\/schema\\\/logo\\\/image\\\/\",\"url\":\"https:\\\/\\\/www.clubdelviatger.cat\\\/wp-content\\\/uploads\\\/2024\\\/08\\\/ClubViatger-logo_512x512.png\",\"contentUrl\":\"https:\\\/\\\/www.clubdelviatger.cat\\\/wp-content\\\/uploads\\\/2024\\\/08\\\/ClubViatger-logo_512x512.png\",\"width\":512,\"height\":512,\"caption\":\"Club del Viatger\"},\"image\":{\"@id\":\"https:\\\/\\\/www.clubdelviatger.cat\\\/es\\\/#\\\/schema\\\/logo\\\/image\\\/\"},\"sameAs\":[\"https:\\\/\\\/www.facebook.com\\\/clubdelviatger.cat\\\/\",\"https:\\\/\\\/www.instagram.com\\\/clubdelviatger\\\/\",\"https:\\\/\\\/www.pinterest.es\\\/clubdelviatger\\\/\",\"https:\\\/\\\/www.youtube.com\\\/channel\\\/UCMgt7TAxt_Ci4Y19BPJy28A\\\/feed\"]}]}<\/script>\n<!-- \/ Yoast SEO plugin. -->","yoast_head_json":{"title":"Contempla el eclipse solar total en Burgos y la Rioja &#8226; Club del Viatger","description":"Contempla el eclipse total solar en Burgos y La Rioja. Cultura, paisajes y un fen\u00f3meno natural que te dejar\u00e1 sin palabras.","robots":{"index":"index","follow":"follow","max-snippet":"max-snippet:-1","max-image-preview":"max-image-preview:large","max-video-preview":"max-video-preview:-1"},"canonical":"https:\/\/www.clubdelviatger.cat\/es\/viaje\/contempla-eclipse-solar-espana\/","og_locale":"es_ES","og_type":"article","og_title":"Contempla el eclipse solar total en Burgos y la Rioja &#8226; Club del Viatger","og_description":"Contempla el eclipse total solar en Burgos y La Rioja. Cultura, paisajes y un fen\u00f3meno natural que te dejar\u00e1 sin palabras.","og_url":"https:\/\/www.clubdelviatger.cat\/es\/viaje\/contempla-eclipse-solar-espana\/","og_site_name":"Club del Viatger","article_publisher":"https:\/\/www.facebook.com\/clubdelviatger.cat\/","article_modified_time":"2025-07-08T10:17:44+00:00","og_image":[{"width":1920,"height":1080,"url":"https:\/\/www.clubdelviatger.cat\/wp-content\/uploads\/2025\/07\/Copia-de-Redimensio-de-les-imatges-1-min-3.png","type":"image\/png"}],"twitter_card":"summary_large_image","twitter_misc":{"Tiempo de lectura":"2 minutos"},"schema":{"@context":"https:\/\/schema.org","@graph":[{"@type":"WebPage","@id":"https:\/\/www.clubdelviatger.cat\/es\/viaje\/contempla-eclipse-solar-espana\/","url":"https:\/\/www.clubdelviatger.cat\/es\/viaje\/contempla-eclipse-solar-espana\/","name":"Contempla el eclipse solar total en Burgos y la Rioja &#8226; Club del Viatger","isPartOf":{"@id":"https:\/\/www.clubdelviatger.cat\/es\/#website"},"primaryImageOfPage":{"@id":"https:\/\/www.clubdelviatger.cat\/es\/viaje\/contempla-eclipse-solar-espana\/#primaryimage"},"image":{"@id":"https:\/\/www.clubdelviatger.cat\/es\/viaje\/contempla-eclipse-solar-espana\/#primaryimage"},"thumbnailUrl":"https:\/\/www.clubdelviatger.cat\/wp-content\/uploads\/2025\/07\/Copia-de-Redimensio-de-les-imatges-1-min-3.png","datePublished":"2025-07-08T10:05:35+00:00","dateModified":"2025-07-08T10:17:44+00:00","description":"Contempla el eclipse total solar en Burgos y La Rioja. Cultura, paisajes y un fen\u00f3meno natural que te dejar\u00e1 sin palabras.","breadcrumb":{"@id":"https:\/\/www.clubdelviatger.cat\/es\/viaje\/contempla-eclipse-solar-espana\/#breadcrumb"},"inLanguage":"es","potentialAction":[{"@type":"ReadAction","target":["https:\/\/www.clubdelviatger.cat\/es\/viaje\/contempla-eclipse-solar-espana\/"]}]},{"@type":"ImageObject","inLanguage":"es","@id":"https:\/\/www.clubdelviatger.cat\/es\/viaje\/contempla-eclipse-solar-espana\/#primaryimage","url":"https:\/\/www.clubdelviatger.cat\/wp-content\/uploads\/2025\/07\/Copia-de-Redimensio-de-les-imatges-1-min-3.png","contentUrl":"https:\/\/www.clubdelviatger.cat\/wp-content\/uploads\/2025\/07\/Copia-de-Redimensio-de-les-imatges-1-min-3.png","width":1920,"height":1080,"caption":"Contempla eclipse solar total en Burgos"},{"@type":"BreadcrumbList","@id":"https:\/\/www.clubdelviatger.cat\/es\/viaje\/contempla-eclipse-solar-espana\/#breadcrumb","itemListElement":[{"@type":"ListItem","position":1,"name":"Viatges","item":"https:\/\/www.clubdelviatger.cat\/es\/viaje\/"},{"@type":"ListItem","position":2,"name":"Eclipse solar total en Burgos y La Rioja"}]},{"@type":"WebSite","@id":"https:\/\/www.clubdelviatger.cat\/es\/#website","url":"https:\/\/www.clubdelviatger.cat\/es\/","name":"Club del Viatger","description":"L&#039;\u00e8xit de qualsevol viatge, \u00e9s una bona companyia","publisher":{"@id":"https:\/\/www.clubdelviatger.cat\/es\/#organization"},"alternateName":"Club del Viatger","potentialAction":[{"@type":"SearchAction","target":{"@type":"EntryPoint","urlTemplate":"https:\/\/www.clubdelviatger.cat\/es\/?s={search_term_string}"},"query-input":{"@type":"PropertyValueSpecification","valueRequired":true,"valueName":"search_term_string"}}],"inLanguage":"es"},{"@type":"Organization","@id":"https:\/\/www.clubdelviatger.cat\/es\/#organization","name":"Club del Viatger","url":"https:\/\/www.clubdelviatger.cat\/es\/","logo":{"@type":"ImageObject","inLanguage":"es","@id":"https:\/\/www.clubdelviatger.cat\/es\/#\/schema\/logo\/image\/","url":"https:\/\/www.clubdelviatger.cat\/wp-content\/uploads\/2024\/08\/ClubViatger-logo_512x512.png","contentUrl":"https:\/\/www.clubdelviatger.cat\/wp-content\/uploads\/2024\/08\/ClubViatger-logo_512x512.png","width":512,"height":512,"caption":"Club del Viatger"},"image":{"@id":"https:\/\/www.clubdelviatger.cat\/es\/#\/schema\/logo\/image\/"},"sameAs":["https:\/\/www.facebook.com\/clubdelviatger.cat\/","https:\/\/www.instagram.com\/clubdelviatger\/","https:\/\/www.pinterest.es\/clubdelviatger\/","https:\/\/www.youtube.com\/channel\/UCMgt7TAxt_Ci4Y19BPJy28A\/feed"]}]}},"_links":{"self":[{"href":"https:\/\/www.clubdelviatger.cat\/es\/wp-json\/wp\/v2\/viatges\/33674","targetHints":{"allow":["GET"]}}],"collection":[{"href":"https:\/\/www.clubdelviatger.cat\/es\/wp-json\/wp\/v2\/viatges"}],"about":[{"href":"https:\/\/www.clubdelviatger.cat\/es\/wp-json\/wp\/v2\/types\/viatges"}],"version-history":[{"count":0,"href":"https:\/\/www.clubdelviatger.cat\/es\/wp-json\/wp\/v2\/viatges\/33674\/revisions"}],"wp:featuredmedia":[{"embeddable":true,"href":"https:\/\/www.clubdelviatger.cat\/es\/wp-json\/wp\/v2\/media\/33673"}],"wp:attachment":[{"href":"https:\/\/www.clubdelviatger.cat\/es\/wp-json\/wp\/v2\/media?parent=33674"}],"wp:term":[{"taxonomy":"p_categories","embeddable":true,"href":"https:\/\/www.clubdelviatger.cat\/es\/wp-json\/wp\/v2\/p_categories?post=33674"},{"taxonomy":"p_calendari","embeddable":true,"href":"https:\/\/www.clubdelviatger.cat\/es\/wp-json\/wp\/v2\/p_calendari?post=33674"}],"curies":[{"name":"wp","href":"https:\/\/api.w.org\/{rel}","templated":true}]}}