{"id":31379,"date":"2025-04-22T11:59:42","date_gmt":"2025-04-22T09:59:42","guid":{"rendered":"https:\/\/www.clubdelviatger.cat\/?post_type=viatges&#038;p=31379"},"modified":"2025-05-07T16:45:21","modified_gmt":"2025-05-07T14:45:21","slug":"viaje-a-los-lagos-italianos","status":"publish","type":"viatges","link":"https:\/\/www.clubdelviatger.cat\/es\/viaje\/viaje-a-los-lagos-italianos\/","title":{"rendered":"Lagos Italianos, Bernina Express, S\u00fcdtirol &amp; los Dolomitas"},"content":{"rendered":"\n<p>Con una mezcla de pasi\u00f3n y admiraci\u00f3n por Italia y por los Alpes, des de el <a href=\"http:\/\/www.clubdelviatger.cat\/es\"><strong>Club del Viatger<\/strong><\/a>, hemos dise\u00f1ado este viaje que nos llevar\u00e1 a realizar un recorrido muy esc\u00e9nico a trav\u00e9s de algunos de los paisajes m\u00e1s bellos de Europa, todo ello rodeado de una excelente gastronom\u00eda y buenos vinos.<\/p>\n\n\n\n<h4 class=\"wp-block-heading\">Trayecto<\/h4>\n\n\n\n<p>La primera parte del viaje nos permitir\u00e1 disfrutar de tres maravillosos y elegantes lagos del norte del pa\u00eds: el <a href=\"https:\/\/www.italia.it\/es\/italia\/lago-maggiore-pueblos-islas-y-castillos\"><strong>lago Maggiore<\/strong><\/a>, el lago de Orta y el lago de Como. Para pasar de la regi\u00f3n de los lagos al S\u00fcdtirol, entraremos en Suiza a bordo del m\u00edtico Bernina Express y pasaremos una noche en Scuol, en el coraz\u00f3n de la comarca de la Engadina, en pleno centro de los Alpes suizos.<\/p>\n\n\n\n<p>El viaje continuar\u00e1 a trav\u00e9s de espectaculares carreteras de monta\u00f1a hasta llegar a la regi\u00f3n del S\u00fcdtirol. Una tierra muy peculiar e interesante que es una mezcla de mentalidad austr\u00edaca e italiana, lo que le confiere un car\u00e1cter muy agradable y especial.<\/p>\n\n\n\n<p>Esta \u00faltima parte del viaje la dedicaremos a descubrir los paisajes, pueblos, vinos y quesos del S\u00fcdtirol. Y muy especialmente a conocer las maravillosas monta\u00f1as Dolomitas, con sus caracter\u00edsticos picos, verdes valles e incre\u00edbles pasos de monta\u00f1a.<\/p>\n\n\n\n<p>Queremos destacar que nos alojaremos las \u00faltimas 4 noches en el magn\u00edfico hotel Adler-Dolomiti de 5 estrellas, situado en el coraz\u00f3n del Valle de Gardena, un extraordinario hotel y Spa muy conocido y apreciado por la gran familia del Club del Viatger.<\/p>\n\n\n\n<p>Las fechas escogidas har\u00e1n el resto y nos regalar\u00e1n los verdes m\u00e1s intensos en los prados y, a la vez, los colores m\u00e1s preciosos de la primavera.<\/p>\n\n\n\n<p>Saldremos y regresaremos desde\/hacia Barcelona en avi\u00f3n, pero todo el recorrido por Italia y Suiza lo realizaremos en un confortable autocar que nos permitir\u00e1 disfrutar de un agradable y divertido viaje en nuestro \u201csal\u00f3n rodante\u201d. \u00a1Este viaje os encantar\u00e1!<\/p>\n\n\n\n<ul class=\"wp-block-list\">\n<li><strong>La belleza y elegancia de los lagos del norte de Italia:<\/strong> Maggiore, Orta y Como.<\/li>\n\n\n\n<li><strong>El tren Bernina Express<\/strong>, uno de los recorridos en tren m\u00e1s maravillosos por los Alpes desde Tirano, Italia, hasta St. Moritz, Suiza.<\/li>\n\n\n\n<li><strong>La maravillosa comarca de la Engadina<\/strong>, en el coraz\u00f3n del cant\u00f3n de los Grisones, en Suiza.<\/li>\n\n\n\n<li><strong>El fascinante S\u00fcdtirol<\/strong>, actualmente territorio italiano pero que fue austr\u00edaco hasta hace 100 a\u00f1os. Dos culturas y dos formas de entender la vida en armon\u00eda.<\/li>\n\n\n\n<li><strong>Las maravillosas y \u00fanicas monta\u00f1as de los Dolomitas<\/strong>, con sus preciosos valles y pasos de alta monta\u00f1a.<\/li>\n\n\n\n<li><strong>El Valle de Gardena<\/strong>, uno de los valles m\u00e1s bonitos de los Alpes.<\/li>\n<\/ul>\n\n\n\n<h4 class=\"wp-block-heading\">Los trenes panor\u00e1micos<\/h4>\n\n\n\n<p>Con tres espectaculares recorridos en trenes o remontes panor\u00e1micos:<\/p>\n\n\n\n<ul class=\"wp-block-list\">\n<li>Tren Bernina Express de Tirano (Italia) a St. Moritz (Suiza).<\/li>\n\n\n\n<li>Tren \u201cde la manzana\u201d (Vinschgerbahn) de Mals a Merano (S\u00fcdtirol).<\/li>\n\n\n\n<li>G\u00f3ndola de St. Ulrich a Alpi di Siusi y regreso.<\/li>\n<\/ul>\n","protected":false},"excerpt":{"rendered":"<p>Con una mezcla de pasi\u00f3n y admiraci\u00f3n por Italia y por los Alpes, des de el Club del Viatger, hemos dise\u00f1ado este viaje que nos llevar\u00e1 a realizar un recorrido muy esc\u00e9nico a trav\u00e9s de algunos de los paisajes m\u00e1s bellos de Europa, todo ello rodeado de una excelente gastronom\u00eda y buenos vinos. Trayecto La [&hellip;]<\/p>\n","protected":false},"featured_media":18110,"template":"","p_categories":[138],"p_calendari":[185,193],"class_list":["post-31379","viatges","type-viatges","status-publish","has-post-thumbnail","hentry","p_categories-viajes-por-europa","p_calendari-calendario-viajes-2026","p_calendari-mayo-2026"],"yoast_head":"<!-- This site is optimized with the Yoast SEO plugin v27.5 - https:\/\/yoast.com\/product\/yoast-seo-wordpress\/ -->\n<title>Viaje a los Lagos Italianos, Bernina Express, S\u00fcdtirol &amp; Dolomitas &#8226; Club del Viatger<\/title>\n<meta name=\"description\" content=\"Un viaje esc\u00e9nico a los Lagos italianos que contin\u00faa con el Bernina Express hasta Suiza. Tambi\u00e9n recorreremos el S\u00fcdtirol y los Dolomitas.\" \/>\n<meta name=\"robots\" content=\"index, follow, max-snippet:-1, max-image-preview:large, max-video-preview:-1\" \/>\n<link rel=\"canonical\" href=\"https:\/\/www.clubdelviatger.cat\/es\/viaje\/viaje-a-los-lagos-italianos\/\" \/>\n<meta property=\"og:locale\" content=\"es_ES\" \/>\n<meta property=\"og:type\" content=\"article\" \/>\n<meta property=\"og:title\" content=\"Viaje a los Lagos Italianos, Bernina Express, S\u00fcdtirol &amp; Dolomitas &#8226; Club del Viatger\" \/>\n<meta property=\"og:description\" content=\"Un viaje esc\u00e9nico a los Lagos italianos que contin\u00faa con el Bernina Express hasta Suiza. Tambi\u00e9n recorreremos el S\u00fcdtirol y los Dolomitas.\" \/>\n<meta property=\"og:url\" content=\"https:\/\/www.clubdelviatger.cat\/es\/viaje\/viaje-a-los-lagos-italianos\/\" \/>\n<meta property=\"og:site_name\" content=\"Club del Viatger\" \/>\n<meta property=\"article:publisher\" content=\"https:\/\/www.facebook.com\/clubdelviatger.cat\/\" \/>\n<meta property=\"article:modified_time\" content=\"2025-05-07T14:45:21+00:00\" \/>\n<meta property=\"og:image\" content=\"https:\/\/www.clubdelviatger.cat\/wp-content\/uploads\/2025\/01\/Alvernia-1-min.png\" \/>\n\t<meta property=\"og:image:width\" content=\"1920\" \/>\n\t<meta property=\"og:image:height\" content=\"1080\" \/>\n\t<meta property=\"og:image:type\" content=\"image\/png\" \/>\n<meta name=\"twitter:card\" content=\"summary_large_image\" \/>\n<meta name=\"twitter:label1\" content=\"Tiempo de lectura\" \/>\n\t<meta name=\"twitter:data1\" content=\"3 minutos\" \/>\n<script type=\"application\/ld+json\" class=\"yoast-schema-graph\">{\"@context\":\"https:\\\/\\\/schema.org\",\"@graph\":[{\"@type\":\"WebPage\",\"@id\":\"https:\\\/\\\/www.clubdelviatger.cat\\\/es\\\/viaje\\\/viaje-a-los-lagos-italianos\\\/\",\"url\":\"https:\\\/\\\/www.clubdelviatger.cat\\\/es\\\/viaje\\\/viaje-a-los-lagos-italianos\\\/\",\"name\":\"Viaje a los Lagos Italianos, Bernina Express, S\u00fcdtirol & Dolomitas &#8226; Club del Viatger\",\"isPartOf\":{\"@id\":\"https:\\\/\\\/www.clubdelviatger.cat\\\/es\\\/#website\"},\"primaryImageOfPage\":{\"@id\":\"https:\\\/\\\/www.clubdelviatger.cat\\\/es\\\/viaje\\\/viaje-a-los-lagos-italianos\\\/#primaryimage\"},\"image\":{\"@id\":\"https:\\\/\\\/www.clubdelviatger.cat\\\/es\\\/viaje\\\/viaje-a-los-lagos-italianos\\\/#primaryimage\"},\"thumbnailUrl\":\"https:\\\/\\\/www.clubdelviatger.cat\\\/wp-content\\\/uploads\\\/2025\\\/01\\\/Alvernia-1-min.png\",\"datePublished\":\"2025-04-22T09:59:42+00:00\",\"dateModified\":\"2025-05-07T14:45:21+00:00\",\"description\":\"Un viaje esc\u00e9nico a los Lagos italianos que contin\u00faa con el Bernina Express hasta Suiza. Tambi\u00e9n recorreremos el S\u00fcdtirol y los Dolomitas.\",\"breadcrumb\":{\"@id\":\"https:\\\/\\\/www.clubdelviatger.cat\\\/es\\\/viaje\\\/viaje-a-los-lagos-italianos\\\/#breadcrumb\"},\"inLanguage\":\"es\",\"potentialAction\":[{\"@type\":\"ReadAction\",\"target\":[\"https:\\\/\\\/www.clubdelviatger.cat\\\/es\\\/viaje\\\/viaje-a-los-lagos-italianos\\\/\"]}]},{\"@type\":\"ImageObject\",\"inLanguage\":\"es\",\"@id\":\"https:\\\/\\\/www.clubdelviatger.cat\\\/es\\\/viaje\\\/viaje-a-los-lagos-italianos\\\/#primaryimage\",\"url\":\"https:\\\/\\\/www.clubdelviatger.cat\\\/wp-content\\\/uploads\\\/2025\\\/01\\\/Alvernia-1-min.png\",\"contentUrl\":\"https:\\\/\\\/www.clubdelviatger.cat\\\/wp-content\\\/uploads\\\/2025\\\/01\\\/Alvernia-1-min.png\",\"width\":1920,\"height\":1080,\"caption\":\"Viaje a los Lagos italianos\"},{\"@type\":\"BreadcrumbList\",\"@id\":\"https:\\\/\\\/www.clubdelviatger.cat\\\/es\\\/viaje\\\/viaje-a-los-lagos-italianos\\\/#breadcrumb\",\"itemListElement\":[{\"@type\":\"ListItem\",\"position\":1,\"name\":\"Viatges\",\"item\":\"https:\\\/\\\/www.clubdelviatger.cat\\\/es\\\/viaje\\\/\"},{\"@type\":\"ListItem\",\"position\":2,\"name\":\"Lagos Italianos, Bernina Express, S\u00fcdtirol &amp; los Dolomitas\"}]},{\"@type\":\"WebSite\",\"@id\":\"https:\\\/\\\/www.clubdelviatger.cat\\\/es\\\/#website\",\"url\":\"https:\\\/\\\/www.clubdelviatger.cat\\\/es\\\/\",\"name\":\"Club del Viatger\",\"description\":\"L&#039;\u00e8xit de qualsevol viatge, \u00e9s una bona companyia\",\"publisher\":{\"@id\":\"https:\\\/\\\/www.clubdelviatger.cat\\\/es\\\/#organization\"},\"alternateName\":\"Club del Viatger\",\"potentialAction\":[{\"@type\":\"SearchAction\",\"target\":{\"@type\":\"EntryPoint\",\"urlTemplate\":\"https:\\\/\\\/www.clubdelviatger.cat\\\/es\\\/?s={search_term_string}\"},\"query-input\":{\"@type\":\"PropertyValueSpecification\",\"valueRequired\":true,\"valueName\":\"search_term_string\"}}],\"inLanguage\":\"es\"},{\"@type\":\"Organization\",\"@id\":\"https:\\\/\\\/www.clubdelviatger.cat\\\/es\\\/#organization\",\"name\":\"Club del Viatger\",\"url\":\"https:\\\/\\\/www.clubdelviatger.cat\\\/es\\\/\",\"logo\":{\"@type\":\"ImageObject\",\"inLanguage\":\"es\",\"@id\":\"https:\\\/\\\/www.clubdelviatger.cat\\\/es\\\/#\\\/schema\\\/logo\\\/image\\\/\",\"url\":\"https:\\\/\\\/www.clubdelviatger.cat\\\/wp-content\\\/uploads\\\/2024\\\/08\\\/ClubViatger-logo_512x512.png\",\"contentUrl\":\"https:\\\/\\\/www.clubdelviatger.cat\\\/wp-content\\\/uploads\\\/2024\\\/08\\\/ClubViatger-logo_512x512.png\",\"width\":512,\"height\":512,\"caption\":\"Club del Viatger\"},\"image\":{\"@id\":\"https:\\\/\\\/www.clubdelviatger.cat\\\/es\\\/#\\\/schema\\\/logo\\\/image\\\/\"},\"sameAs\":[\"https:\\\/\\\/www.facebook.com\\\/clubdelviatger.cat\\\/\",\"https:\\\/\\\/www.instagram.com\\\/clubdelviatger\\\/\",\"https:\\\/\\\/www.pinterest.es\\\/clubdelviatger\\\/\",\"https:\\\/\\\/www.youtube.com\\\/channel\\\/UCMgt7TAxt_Ci4Y19BPJy28A\\\/feed\"]}]}<\/script>\n<!-- \/ Yoast SEO plugin. -->","yoast_head_json":{"title":"Viaje a los Lagos Italianos, Bernina Express, S\u00fcdtirol & Dolomitas &#8226; Club del Viatger","description":"Un viaje esc\u00e9nico a los Lagos italianos que contin\u00faa con el Bernina Express hasta Suiza. Tambi\u00e9n recorreremos el S\u00fcdtirol y los Dolomitas.","robots":{"index":"index","follow":"follow","max-snippet":"max-snippet:-1","max-image-preview":"max-image-preview:large","max-video-preview":"max-video-preview:-1"},"canonical":"https:\/\/www.clubdelviatger.cat\/es\/viaje\/viaje-a-los-lagos-italianos\/","og_locale":"es_ES","og_type":"article","og_title":"Viaje a los Lagos Italianos, Bernina Express, S\u00fcdtirol & Dolomitas &#8226; Club del Viatger","og_description":"Un viaje esc\u00e9nico a los Lagos italianos que contin\u00faa con el Bernina Express hasta Suiza. Tambi\u00e9n recorreremos el S\u00fcdtirol y los Dolomitas.","og_url":"https:\/\/www.clubdelviatger.cat\/es\/viaje\/viaje-a-los-lagos-italianos\/","og_site_name":"Club del Viatger","article_publisher":"https:\/\/www.facebook.com\/clubdelviatger.cat\/","article_modified_time":"2025-05-07T14:45:21+00:00","og_image":[{"width":1920,"height":1080,"url":"https:\/\/www.clubdelviatger.cat\/wp-content\/uploads\/2025\/01\/Alvernia-1-min.png","type":"image\/png"}],"twitter_card":"summary_large_image","twitter_misc":{"Tiempo de lectura":"3 minutos"},"schema":{"@context":"https:\/\/schema.org","@graph":[{"@type":"WebPage","@id":"https:\/\/www.clubdelviatger.cat\/es\/viaje\/viaje-a-los-lagos-italianos\/","url":"https:\/\/www.clubdelviatger.cat\/es\/viaje\/viaje-a-los-lagos-italianos\/","name":"Viaje a los Lagos Italianos, Bernina Express, S\u00fcdtirol & Dolomitas &#8226; Club del Viatger","isPartOf":{"@id":"https:\/\/www.clubdelviatger.cat\/es\/#website"},"primaryImageOfPage":{"@id":"https:\/\/www.clubdelviatger.cat\/es\/viaje\/viaje-a-los-lagos-italianos\/#primaryimage"},"image":{"@id":"https:\/\/www.clubdelviatger.cat\/es\/viaje\/viaje-a-los-lagos-italianos\/#primaryimage"},"thumbnailUrl":"https:\/\/www.clubdelviatger.cat\/wp-content\/uploads\/2025\/01\/Alvernia-1-min.png","datePublished":"2025-04-22T09:59:42+00:00","dateModified":"2025-05-07T14:45:21+00:00","description":"Un viaje esc\u00e9nico a los Lagos italianos que contin\u00faa con el Bernina Express hasta Suiza. Tambi\u00e9n recorreremos el S\u00fcdtirol y los Dolomitas.","breadcrumb":{"@id":"https:\/\/www.clubdelviatger.cat\/es\/viaje\/viaje-a-los-lagos-italianos\/#breadcrumb"},"inLanguage":"es","potentialAction":[{"@type":"ReadAction","target":["https:\/\/www.clubdelviatger.cat\/es\/viaje\/viaje-a-los-lagos-italianos\/"]}]},{"@type":"ImageObject","inLanguage":"es","@id":"https:\/\/www.clubdelviatger.cat\/es\/viaje\/viaje-a-los-lagos-italianos\/#primaryimage","url":"https:\/\/www.clubdelviatger.cat\/wp-content\/uploads\/2025\/01\/Alvernia-1-min.png","contentUrl":"https:\/\/www.clubdelviatger.cat\/wp-content\/uploads\/2025\/01\/Alvernia-1-min.png","width":1920,"height":1080,"caption":"Viaje a los Lagos italianos"},{"@type":"BreadcrumbList","@id":"https:\/\/www.clubdelviatger.cat\/es\/viaje\/viaje-a-los-lagos-italianos\/#breadcrumb","itemListElement":[{"@type":"ListItem","position":1,"name":"Viatges","item":"https:\/\/www.clubdelviatger.cat\/es\/viaje\/"},{"@type":"ListItem","position":2,"name":"Lagos Italianos, Bernina Express, S\u00fcdtirol &amp; los Dolomitas"}]},{"@type":"WebSite","@id":"https:\/\/www.clubdelviatger.cat\/es\/#website","url":"https:\/\/www.clubdelviatger.cat\/es\/","name":"Club del Viatger","description":"L&#039;\u00e8xit de qualsevol viatge, \u00e9s una bona companyia","publisher":{"@id":"https:\/\/www.clubdelviatger.cat\/es\/#organization"},"alternateName":"Club del Viatger","potentialAction":[{"@type":"SearchAction","target":{"@type":"EntryPoint","urlTemplate":"https:\/\/www.clubdelviatger.cat\/es\/?s={search_term_string}"},"query-input":{"@type":"PropertyValueSpecification","valueRequired":true,"valueName":"search_term_string"}}],"inLanguage":"es"},{"@type":"Organization","@id":"https:\/\/www.clubdelviatger.cat\/es\/#organization","name":"Club del Viatger","url":"https:\/\/www.clubdelviatger.cat\/es\/","logo":{"@type":"ImageObject","inLanguage":"es","@id":"https:\/\/www.clubdelviatger.cat\/es\/#\/schema\/logo\/image\/","url":"https:\/\/www.clubdelviatger.cat\/wp-content\/uploads\/2024\/08\/ClubViatger-logo_512x512.png","contentUrl":"https:\/\/www.clubdelviatger.cat\/wp-content\/uploads\/2024\/08\/ClubViatger-logo_512x512.png","width":512,"height":512,"caption":"Club del Viatger"},"image":{"@id":"https:\/\/www.clubdelviatger.cat\/es\/#\/schema\/logo\/image\/"},"sameAs":["https:\/\/www.facebook.com\/clubdelviatger.cat\/","https:\/\/www.instagram.com\/clubdelviatger\/","https:\/\/www.pinterest.es\/clubdelviatger\/","https:\/\/www.youtube.com\/channel\/UCMgt7TAxt_Ci4Y19BPJy28A\/feed"]}]}},"_links":{"self":[{"href":"https:\/\/www.clubdelviatger.cat\/es\/wp-json\/wp\/v2\/viatges\/31379","targetHints":{"allow":["GET"]}}],"collection":[{"href":"https:\/\/www.clubdelviatger.cat\/es\/wp-json\/wp\/v2\/viatges"}],"about":[{"href":"https:\/\/www.clubdelviatger.cat\/es\/wp-json\/wp\/v2\/types\/viatges"}],"version-history":[{"count":0,"href":"https:\/\/www.clubdelviatger.cat\/es\/wp-json\/wp\/v2\/viatges\/31379\/revisions"}],"wp:featuredmedia":[{"embeddable":true,"href":"https:\/\/www.clubdelviatger.cat\/es\/wp-json\/wp\/v2\/media\/18110"}],"wp:attachment":[{"href":"https:\/\/www.clubdelviatger.cat\/es\/wp-json\/wp\/v2\/media?parent=31379"}],"wp:term":[{"taxonomy":"p_categories","embeddable":true,"href":"https:\/\/www.clubdelviatger.cat\/es\/wp-json\/wp\/v2\/p_categories?post=31379"},{"taxonomy":"p_calendari","embeddable":true,"href":"https:\/\/www.clubdelviatger.cat\/es\/wp-json\/wp\/v2\/p_calendari?post=31379"}],"curies":[{"name":"wp","href":"https:\/\/api.w.org\/{rel}","templated":true}]}}