{"id":30961,"date":"2025-04-15T12:19:19","date_gmt":"2025-04-15T10:19:19","guid":{"rendered":"https:\/\/www.clubdelviatger.cat\/?post_type=viatges&#038;p=30961"},"modified":"2025-12-05T09:54:48","modified_gmt":"2025-12-05T08:54:48","slug":"visita-el-matarrana-y-el-bajo-aragon","status":"publish","type":"viatges","link":"https:\/\/www.clubdelviatger.cat\/es\/viaje\/visita-el-matarrana-y-el-bajo-aragon\/","title":{"rendered":"El Matarra\u00f1a y el Bajo Arag\u00f3n\u00a0"},"content":{"rendered":"\n<p>Los habitantes del Matarra\u00f1a tienen el coraz\u00f3n dividido. Por un lado, se sienten profundamente aragoneses y est\u00e1n muy orgullosos de ello, pero al mismo tiempo se sienten muy vinculados a Catalu\u00f1a y la quieren.<\/p>\n\n\n\n<p>La gente de esta comarca nos sorprender\u00e1 y nos fascinar\u00e1 con el dialecto<a href=\"https:\/\/www.lacomarca.net\/opinion\/algunas-cosas-sobre-lo-chapurriau\/\"><strong> \u201cChapurreao\u201d<\/strong><\/a> que hablan, un peculiar catal\u00e1n algo castellanizado que m\u00e1s de una vez nos sacar\u00e1 una sonrisa.<\/p>\n\n\n\n<p>La visita de el Matarra\u00f1a, al igual que a la vecina comarca del Bajo Arag\u00f3n \u2014ya mucho m\u00e1s \u201caragonesa\u201d. Pero igualmente encantadora\u2014, nos ofrece una gran riqueza basada en sus paisajes, sus pueblos, su historia y su gastronom\u00eda. Nosotros disfrutaremos de un poco de todo a lo largo de esta interesante escapada.<\/p>\n\n\n\n<p>\u00a1Ven con el <a href=\"https:\/\/www.clubdelviatger.cat\/es\/\"><strong>Club del Viatger<\/strong><\/a> de visita a el Matarra\u00f1a y el Bajo Arag\u00f3n, y descubre dos comarcas que no te dejar\u00e1n indiferente!<\/p>\n\n\n\n<p><\/p>\n","protected":false},"excerpt":{"rendered":"<p>Los habitantes del Matarra\u00f1a tienen el coraz\u00f3n dividido. Por un lado, se sienten profundamente aragoneses y est\u00e1n muy orgullosos de ello, pero al mismo tiempo se sienten muy vinculados a Catalu\u00f1a y la quieren. La gente de esta comarca nos sorprender\u00e1 y nos fascinar\u00e1 con el dialecto \u201cChapurreao\u201d que hablan, un peculiar catal\u00e1n algo castellanizado [&hellip;]<\/p>\n","protected":false},"featured_media":30960,"template":"","p_categories":[130],"p_calendari":[185,194],"class_list":["post-30961","viatges","type-viatges","status-publish","has-post-thumbnail","hentry","p_categories-viajes-por-espana","p_calendari-calendario-viajes-2026","p_calendari-marzo-2026"],"yoast_head":"<!-- This site is optimized with the Yoast SEO plugin v27.5 - https:\/\/yoast.com\/product\/yoast-seo-wordpress\/ -->\n<title>Visita El Matarra\u00f1a y el Bajo Arag\u00f3n\u00a0 &#8226; Club del Viatger<\/title>\n<meta name=\"description\" content=\"\u00a1Visita el Matarra\u00f1a y el Bajo Arag\u00f3n, Rub\u00e9n! Dos comarcas que poseen una gran riqueza en sus paisajes y en sus pueblos.\" \/>\n<meta name=\"robots\" content=\"index, follow, max-snippet:-1, max-image-preview:large, max-video-preview:-1\" \/>\n<link rel=\"canonical\" href=\"https:\/\/www.clubdelviatger.cat\/es\/viaje\/visita-el-matarrana-y-el-bajo-aragon\/\" \/>\n<meta property=\"og:locale\" content=\"es_ES\" \/>\n<meta property=\"og:type\" content=\"article\" \/>\n<meta property=\"og:title\" content=\"Visita El Matarra\u00f1a y el Bajo Arag\u00f3n\u00a0 &#8226; Club del Viatger\" \/>\n<meta property=\"og:description\" content=\"\u00a1Visita el Matarra\u00f1a y el Bajo Arag\u00f3n, Rub\u00e9n! Dos comarcas que poseen una gran riqueza en sus paisajes y en sus pueblos.\" \/>\n<meta property=\"og:url\" content=\"https:\/\/www.clubdelviatger.cat\/es\/viaje\/visita-el-matarrana-y-el-bajo-aragon\/\" \/>\n<meta property=\"og:site_name\" content=\"Club del Viatger\" \/>\n<meta property=\"article:publisher\" content=\"https:\/\/www.facebook.com\/clubdelviatger.cat\/\" \/>\n<meta property=\"article:modified_time\" content=\"2025-12-05T08:54:48+00:00\" \/>\n<meta property=\"og:image\" content=\"https:\/\/www.clubdelviatger.cat\/wp-content\/uploads\/2025\/04\/Matarranya.png\" \/>\n\t<meta property=\"og:image:width\" content=\"1920\" \/>\n\t<meta property=\"og:image:height\" content=\"1080\" \/>\n\t<meta property=\"og:image:type\" content=\"image\/png\" \/>\n<meta name=\"twitter:card\" content=\"summary_large_image\" \/>\n<meta name=\"twitter:label1\" content=\"Tiempo de lectura\" \/>\n\t<meta name=\"twitter:data1\" content=\"1 minuto\" \/>\n<script type=\"application\/ld+json\" class=\"yoast-schema-graph\">{\"@context\":\"https:\\\/\\\/schema.org\",\"@graph\":[{\"@type\":\"WebPage\",\"@id\":\"https:\\\/\\\/www.clubdelviatger.cat\\\/es\\\/viaje\\\/visita-el-matarrana-y-el-bajo-aragon\\\/\",\"url\":\"https:\\\/\\\/www.clubdelviatger.cat\\\/es\\\/viaje\\\/visita-el-matarrana-y-el-bajo-aragon\\\/\",\"name\":\"Visita El Matarra\u00f1a y el Bajo Arag\u00f3n\u00a0 &#8226; Club del Viatger\",\"isPartOf\":{\"@id\":\"https:\\\/\\\/www.clubdelviatger.cat\\\/es\\\/#website\"},\"primaryImageOfPage\":{\"@id\":\"https:\\\/\\\/www.clubdelviatger.cat\\\/es\\\/viaje\\\/visita-el-matarrana-y-el-bajo-aragon\\\/#primaryimage\"},\"image\":{\"@id\":\"https:\\\/\\\/www.clubdelviatger.cat\\\/es\\\/viaje\\\/visita-el-matarrana-y-el-bajo-aragon\\\/#primaryimage\"},\"thumbnailUrl\":\"https:\\\/\\\/www.clubdelviatger.cat\\\/wp-content\\\/uploads\\\/2025\\\/04\\\/Matarranya.png\",\"datePublished\":\"2025-04-15T10:19:19+00:00\",\"dateModified\":\"2025-12-05T08:54:48+00:00\",\"description\":\"\u00a1Visita el Matarra\u00f1a y el Bajo Arag\u00f3n, Rub\u00e9n! Dos comarcas que poseen una gran riqueza en sus paisajes y en sus pueblos.\",\"breadcrumb\":{\"@id\":\"https:\\\/\\\/www.clubdelviatger.cat\\\/es\\\/viaje\\\/visita-el-matarrana-y-el-bajo-aragon\\\/#breadcrumb\"},\"inLanguage\":\"es\",\"potentialAction\":[{\"@type\":\"ReadAction\",\"target\":[\"https:\\\/\\\/www.clubdelviatger.cat\\\/es\\\/viaje\\\/visita-el-matarrana-y-el-bajo-aragon\\\/\"]}]},{\"@type\":\"ImageObject\",\"inLanguage\":\"es\",\"@id\":\"https:\\\/\\\/www.clubdelviatger.cat\\\/es\\\/viaje\\\/visita-el-matarrana-y-el-bajo-aragon\\\/#primaryimage\",\"url\":\"https:\\\/\\\/www.clubdelviatger.cat\\\/wp-content\\\/uploads\\\/2025\\\/04\\\/Matarranya.png\",\"contentUrl\":\"https:\\\/\\\/www.clubdelviatger.cat\\\/wp-content\\\/uploads\\\/2025\\\/04\\\/Matarranya.png\",\"width\":1920,\"height\":1080,\"caption\":\"Visita El Matarra\u00f1a\"},{\"@type\":\"BreadcrumbList\",\"@id\":\"https:\\\/\\\/www.clubdelviatger.cat\\\/es\\\/viaje\\\/visita-el-matarrana-y-el-bajo-aragon\\\/#breadcrumb\",\"itemListElement\":[{\"@type\":\"ListItem\",\"position\":1,\"name\":\"Viatges\",\"item\":\"https:\\\/\\\/www.clubdelviatger.cat\\\/es\\\/viaje\\\/\"},{\"@type\":\"ListItem\",\"position\":2,\"name\":\"El Matarra\u00f1a y el Bajo Arag\u00f3n\u00a0\"}]},{\"@type\":\"WebSite\",\"@id\":\"https:\\\/\\\/www.clubdelviatger.cat\\\/es\\\/#website\",\"url\":\"https:\\\/\\\/www.clubdelviatger.cat\\\/es\\\/\",\"name\":\"Club del Viatger\",\"description\":\"L&#039;\u00e8xit de qualsevol viatge, \u00e9s una bona companyia\",\"publisher\":{\"@id\":\"https:\\\/\\\/www.clubdelviatger.cat\\\/es\\\/#organization\"},\"alternateName\":\"Club del Viatger\",\"potentialAction\":[{\"@type\":\"SearchAction\",\"target\":{\"@type\":\"EntryPoint\",\"urlTemplate\":\"https:\\\/\\\/www.clubdelviatger.cat\\\/es\\\/?s={search_term_string}\"},\"query-input\":{\"@type\":\"PropertyValueSpecification\",\"valueRequired\":true,\"valueName\":\"search_term_string\"}}],\"inLanguage\":\"es\"},{\"@type\":\"Organization\",\"@id\":\"https:\\\/\\\/www.clubdelviatger.cat\\\/es\\\/#organization\",\"name\":\"Club del Viatger\",\"url\":\"https:\\\/\\\/www.clubdelviatger.cat\\\/es\\\/\",\"logo\":{\"@type\":\"ImageObject\",\"inLanguage\":\"es\",\"@id\":\"https:\\\/\\\/www.clubdelviatger.cat\\\/es\\\/#\\\/schema\\\/logo\\\/image\\\/\",\"url\":\"https:\\\/\\\/www.clubdelviatger.cat\\\/wp-content\\\/uploads\\\/2024\\\/08\\\/ClubViatger-logo_512x512.png\",\"contentUrl\":\"https:\\\/\\\/www.clubdelviatger.cat\\\/wp-content\\\/uploads\\\/2024\\\/08\\\/ClubViatger-logo_512x512.png\",\"width\":512,\"height\":512,\"caption\":\"Club del Viatger\"},\"image\":{\"@id\":\"https:\\\/\\\/www.clubdelviatger.cat\\\/es\\\/#\\\/schema\\\/logo\\\/image\\\/\"},\"sameAs\":[\"https:\\\/\\\/www.facebook.com\\\/clubdelviatger.cat\\\/\",\"https:\\\/\\\/www.instagram.com\\\/clubdelviatger\\\/\",\"https:\\\/\\\/www.pinterest.es\\\/clubdelviatger\\\/\",\"https:\\\/\\\/www.youtube.com\\\/channel\\\/UCMgt7TAxt_Ci4Y19BPJy28A\\\/feed\"]}]}<\/script>\n<!-- \/ Yoast SEO plugin. -->","yoast_head_json":{"title":"Visita El Matarra\u00f1a y el Bajo Arag\u00f3n\u00a0 &#8226; Club del Viatger","description":"\u00a1Visita el Matarra\u00f1a y el Bajo Arag\u00f3n, Rub\u00e9n! Dos comarcas que poseen una gran riqueza en sus paisajes y en sus pueblos.","robots":{"index":"index","follow":"follow","max-snippet":"max-snippet:-1","max-image-preview":"max-image-preview:large","max-video-preview":"max-video-preview:-1"},"canonical":"https:\/\/www.clubdelviatger.cat\/es\/viaje\/visita-el-matarrana-y-el-bajo-aragon\/","og_locale":"es_ES","og_type":"article","og_title":"Visita El Matarra\u00f1a y el Bajo Arag\u00f3n\u00a0 &#8226; Club del Viatger","og_description":"\u00a1Visita el Matarra\u00f1a y el Bajo Arag\u00f3n, Rub\u00e9n! Dos comarcas que poseen una gran riqueza en sus paisajes y en sus pueblos.","og_url":"https:\/\/www.clubdelviatger.cat\/es\/viaje\/visita-el-matarrana-y-el-bajo-aragon\/","og_site_name":"Club del Viatger","article_publisher":"https:\/\/www.facebook.com\/clubdelviatger.cat\/","article_modified_time":"2025-12-05T08:54:48+00:00","og_image":[{"width":1920,"height":1080,"url":"https:\/\/www.clubdelviatger.cat\/wp-content\/uploads\/2025\/04\/Matarranya.png","type":"image\/png"}],"twitter_card":"summary_large_image","twitter_misc":{"Tiempo de lectura":"1 minuto"},"schema":{"@context":"https:\/\/schema.org","@graph":[{"@type":"WebPage","@id":"https:\/\/www.clubdelviatger.cat\/es\/viaje\/visita-el-matarrana-y-el-bajo-aragon\/","url":"https:\/\/www.clubdelviatger.cat\/es\/viaje\/visita-el-matarrana-y-el-bajo-aragon\/","name":"Visita El Matarra\u00f1a y el Bajo Arag\u00f3n\u00a0 &#8226; Club del Viatger","isPartOf":{"@id":"https:\/\/www.clubdelviatger.cat\/es\/#website"},"primaryImageOfPage":{"@id":"https:\/\/www.clubdelviatger.cat\/es\/viaje\/visita-el-matarrana-y-el-bajo-aragon\/#primaryimage"},"image":{"@id":"https:\/\/www.clubdelviatger.cat\/es\/viaje\/visita-el-matarrana-y-el-bajo-aragon\/#primaryimage"},"thumbnailUrl":"https:\/\/www.clubdelviatger.cat\/wp-content\/uploads\/2025\/04\/Matarranya.png","datePublished":"2025-04-15T10:19:19+00:00","dateModified":"2025-12-05T08:54:48+00:00","description":"\u00a1Visita el Matarra\u00f1a y el Bajo Arag\u00f3n, Rub\u00e9n! Dos comarcas que poseen una gran riqueza en sus paisajes y en sus pueblos.","breadcrumb":{"@id":"https:\/\/www.clubdelviatger.cat\/es\/viaje\/visita-el-matarrana-y-el-bajo-aragon\/#breadcrumb"},"inLanguage":"es","potentialAction":[{"@type":"ReadAction","target":["https:\/\/www.clubdelviatger.cat\/es\/viaje\/visita-el-matarrana-y-el-bajo-aragon\/"]}]},{"@type":"ImageObject","inLanguage":"es","@id":"https:\/\/www.clubdelviatger.cat\/es\/viaje\/visita-el-matarrana-y-el-bajo-aragon\/#primaryimage","url":"https:\/\/www.clubdelviatger.cat\/wp-content\/uploads\/2025\/04\/Matarranya.png","contentUrl":"https:\/\/www.clubdelviatger.cat\/wp-content\/uploads\/2025\/04\/Matarranya.png","width":1920,"height":1080,"caption":"Visita El Matarra\u00f1a"},{"@type":"BreadcrumbList","@id":"https:\/\/www.clubdelviatger.cat\/es\/viaje\/visita-el-matarrana-y-el-bajo-aragon\/#breadcrumb","itemListElement":[{"@type":"ListItem","position":1,"name":"Viatges","item":"https:\/\/www.clubdelviatger.cat\/es\/viaje\/"},{"@type":"ListItem","position":2,"name":"El Matarra\u00f1a y el Bajo Arag\u00f3n\u00a0"}]},{"@type":"WebSite","@id":"https:\/\/www.clubdelviatger.cat\/es\/#website","url":"https:\/\/www.clubdelviatger.cat\/es\/","name":"Club del Viatger","description":"L&#039;\u00e8xit de qualsevol viatge, \u00e9s una bona companyia","publisher":{"@id":"https:\/\/www.clubdelviatger.cat\/es\/#organization"},"alternateName":"Club del Viatger","potentialAction":[{"@type":"SearchAction","target":{"@type":"EntryPoint","urlTemplate":"https:\/\/www.clubdelviatger.cat\/es\/?s={search_term_string}"},"query-input":{"@type":"PropertyValueSpecification","valueRequired":true,"valueName":"search_term_string"}}],"inLanguage":"es"},{"@type":"Organization","@id":"https:\/\/www.clubdelviatger.cat\/es\/#organization","name":"Club del Viatger","url":"https:\/\/www.clubdelviatger.cat\/es\/","logo":{"@type":"ImageObject","inLanguage":"es","@id":"https:\/\/www.clubdelviatger.cat\/es\/#\/schema\/logo\/image\/","url":"https:\/\/www.clubdelviatger.cat\/wp-content\/uploads\/2024\/08\/ClubViatger-logo_512x512.png","contentUrl":"https:\/\/www.clubdelviatger.cat\/wp-content\/uploads\/2024\/08\/ClubViatger-logo_512x512.png","width":512,"height":512,"caption":"Club del Viatger"},"image":{"@id":"https:\/\/www.clubdelviatger.cat\/es\/#\/schema\/logo\/image\/"},"sameAs":["https:\/\/www.facebook.com\/clubdelviatger.cat\/","https:\/\/www.instagram.com\/clubdelviatger\/","https:\/\/www.pinterest.es\/clubdelviatger\/","https:\/\/www.youtube.com\/channel\/UCMgt7TAxt_Ci4Y19BPJy28A\/feed"]}]}},"_links":{"self":[{"href":"https:\/\/www.clubdelviatger.cat\/es\/wp-json\/wp\/v2\/viatges\/30961","targetHints":{"allow":["GET"]}}],"collection":[{"href":"https:\/\/www.clubdelviatger.cat\/es\/wp-json\/wp\/v2\/viatges"}],"about":[{"href":"https:\/\/www.clubdelviatger.cat\/es\/wp-json\/wp\/v2\/types\/viatges"}],"version-history":[{"count":0,"href":"https:\/\/www.clubdelviatger.cat\/es\/wp-json\/wp\/v2\/viatges\/30961\/revisions"}],"wp:featuredmedia":[{"embeddable":true,"href":"https:\/\/www.clubdelviatger.cat\/es\/wp-json\/wp\/v2\/media\/30960"}],"wp:attachment":[{"href":"https:\/\/www.clubdelviatger.cat\/es\/wp-json\/wp\/v2\/media?parent=30961"}],"wp:term":[{"taxonomy":"p_categories","embeddable":true,"href":"https:\/\/www.clubdelviatger.cat\/es\/wp-json\/wp\/v2\/p_categories?post=30961"},{"taxonomy":"p_calendari","embeddable":true,"href":"https:\/\/www.clubdelviatger.cat\/es\/wp-json\/wp\/v2\/p_calendari?post=30961"}],"curies":[{"name":"wp","href":"https:\/\/api.w.org\/{rel}","templated":true}]}}