{"id":26793,"date":"2025-03-11T14:32:34","date_gmt":"2025-03-11T13:32:34","guid":{"rendered":"https:\/\/www.clubdelviatger.cat\/?post_type=viatges&#038;p=26793"},"modified":"2025-07-29T17:01:26","modified_gmt":"2025-07-29T15:01:26","slug":"viaje-alsacia-y-selva-negra","status":"publish","type":"viatges","link":"https:\/\/www.clubdelviatger.cat\/es\/viaje\/viaje-alsacia-y-selva-negra\/","title":{"rendered":"Alsacia y Selva Negra"},"content":{"rendered":"\n<p>\u00a1El Club del Viatger os propone uno de sus \u00ab<strong><a href=\"https:\/\/www.clubdelviatger.cat\/es\/categoria-viaje\/clasicos\/\">viajes cl\u00e1sicos<\/a><\/strong>\u00ab!<\/p>\n\n\n\n<p>La regi\u00f3n de la Alsacia en el lado franc\u00e9s y la de Baden-W\u00fcrttemberg en el lado alem\u00e1n fueron una sola regi\u00f3n unificada durante muchos a\u00f1os. M\u00e1s adelante, tratados internacionales hicieron que el r\u00edo Rin fuera tambi\u00e9n la frontera pol\u00edtica que los dividiera. Pero los dos lados del r\u00edo tienen hoy todav\u00eda much\u00edsimas semejanzas. Tienen similitudes en cultura, paisaje, gastronom\u00eda y estilo de vida y forman una de las regiones m\u00e1s ricas de todo el continente.<\/p>\n\n\n\n<p>En este viaje a <strong>Alsacia y Selva Negra<\/strong> visitaremos el mismo coraz\u00f3n de la vieja Europa y s\u00edmbolo de la nueva Europa unida. Recorreremos ciudades que son verdaderas joyas y que nos sorprender\u00e1n por su enorme calidad de vida como Colmar en Francia o Freiburg im Breisgau en Alemania. <\/p>\n\n\n\n<p>Adem\u00e1s, conoceremos una de las capitales de la Europa unida con la visita de Estrasburgo. Una ciudad con una perfecta mezcla de ciudad medieval, capital administrativa y centro de poder y de comunicaciones.<\/p>\n\n\n\n<p>Tambi\u00e9n veremos paisajes buc\u00f3licos y de enorme belleza, haremos una inolvidable comida en el restaurante gastron\u00f3mico \u00ab<strong><a href=\"https:\/\/guide.michelin.com\/es\/es\/grand-est\/marlenheim\/restaurante\/le-cerf\">Le Cerf<\/a><\/strong>\u00ab, con 1 estrella Michelin y considerado uno de los mejores restaurantes de la regi\u00f3n. <\/p>\n\n\n\n<p>Volveremos a casa con la satisfacci\u00f3n de haber vivido un viaje a Alsacia y Selva Negra lleno de encanto, cultura y experiencias memorables.<\/p>\n\n\n\n<p><\/p>\n","protected":false},"excerpt":{"rendered":"<p>\u00a1El Club del Viatger os propone uno de sus \u00abviajes cl\u00e1sicos\u00ab! La regi\u00f3n de la Alsacia en el lado franc\u00e9s y la de Baden-W\u00fcrttemberg en el lado alem\u00e1n fueron una sola regi\u00f3n unificada durante muchos a\u00f1os. M\u00e1s adelante, tratados internacionales hicieron que el r\u00edo Rin fuera tambi\u00e9n la frontera pol\u00edtica que los dividiera. Pero los [&hellip;]<\/p>\n","protected":false},"featured_media":26701,"template":"","p_categories":[131,138],"p_calendari":[186,185],"class_list":["post-26793","viatges","type-viatges","status-publish","has-post-thumbnail","hentry","p_categories-clasicos","p_categories-viajes-por-europa","p_calendari-abril-2026-es","p_calendari-calendario-viajes-2026"],"yoast_head":"<!-- This site is optimized with the Yoast SEO plugin v27.5 - https:\/\/yoast.com\/product\/yoast-seo-wordpress\/ -->\n<title>Viaje a Alsacia y Selva Negra &#8226; Club del Viatger<\/title>\n<meta name=\"description\" content=\"En este viaje a la Alsacia y la Selva Negra visitaremos el mismo coraz\u00f3n de la vieja Europa y s\u00edmbolo de la nueva Europa unida.\" \/>\n<meta name=\"robots\" content=\"index, follow, max-snippet:-1, max-image-preview:large, max-video-preview:-1\" \/>\n<link rel=\"canonical\" href=\"https:\/\/www.clubdelviatger.cat\/es\/viaje\/viaje-alsacia-y-selva-negra\/\" \/>\n<meta property=\"og:locale\" content=\"es_ES\" \/>\n<meta property=\"og:type\" content=\"article\" \/>\n<meta property=\"og:title\" content=\"Viaje a Alsacia y Selva Negra &#8226; Club del Viatger\" \/>\n<meta property=\"og:description\" content=\"En este viaje a la Alsacia y la Selva Negra visitaremos el mismo coraz\u00f3n de la vieja Europa y s\u00edmbolo de la nueva Europa unida.\" \/>\n<meta property=\"og:url\" content=\"https:\/\/www.clubdelviatger.cat\/es\/viaje\/viaje-alsacia-y-selva-negra\/\" \/>\n<meta property=\"og:site_name\" content=\"Club del Viatger\" \/>\n<meta property=\"article:publisher\" content=\"https:\/\/www.facebook.com\/clubdelviatger.cat\/\" \/>\n<meta property=\"article:modified_time\" content=\"2025-07-29T15:01:26+00:00\" \/>\n<meta property=\"og:image\" content=\"https:\/\/www.clubdelviatger.cat\/wp-content\/uploads\/2025\/03\/P-ALS-1024x576.png\" \/>\n\t<meta property=\"og:image:width\" content=\"1024\" \/>\n\t<meta property=\"og:image:height\" content=\"576\" \/>\n\t<meta property=\"og:image:type\" content=\"image\/png\" \/>\n<meta name=\"twitter:card\" content=\"summary_large_image\" \/>\n<meta name=\"twitter:label1\" content=\"Tiempo de lectura\" \/>\n\t<meta name=\"twitter:data1\" content=\"2 minutos\" \/>\n<script type=\"application\/ld+json\" class=\"yoast-schema-graph\">{\"@context\":\"https:\\\/\\\/schema.org\",\"@graph\":[{\"@type\":\"WebPage\",\"@id\":\"https:\\\/\\\/www.clubdelviatger.cat\\\/es\\\/viaje\\\/viaje-alsacia-y-selva-negra\\\/\",\"url\":\"https:\\\/\\\/www.clubdelviatger.cat\\\/es\\\/viaje\\\/viaje-alsacia-y-selva-negra\\\/\",\"name\":\"Viaje a Alsacia y Selva Negra &#8226; Club del Viatger\",\"isPartOf\":{\"@id\":\"https:\\\/\\\/www.clubdelviatger.cat\\\/es\\\/#website\"},\"primaryImageOfPage\":{\"@id\":\"https:\\\/\\\/www.clubdelviatger.cat\\\/es\\\/viaje\\\/viaje-alsacia-y-selva-negra\\\/#primaryimage\"},\"image\":{\"@id\":\"https:\\\/\\\/www.clubdelviatger.cat\\\/es\\\/viaje\\\/viaje-alsacia-y-selva-negra\\\/#primaryimage\"},\"thumbnailUrl\":\"https:\\\/\\\/www.clubdelviatger.cat\\\/wp-content\\\/uploads\\\/2025\\\/03\\\/P-ALS.png\",\"datePublished\":\"2025-03-11T13:32:34+00:00\",\"dateModified\":\"2025-07-29T15:01:26+00:00\",\"description\":\"En este viaje a la Alsacia y la Selva Negra visitaremos el mismo coraz\u00f3n de la vieja Europa y s\u00edmbolo de la nueva Europa unida.\",\"breadcrumb\":{\"@id\":\"https:\\\/\\\/www.clubdelviatger.cat\\\/es\\\/viaje\\\/viaje-alsacia-y-selva-negra\\\/#breadcrumb\"},\"inLanguage\":\"es\",\"potentialAction\":[{\"@type\":\"ReadAction\",\"target\":[\"https:\\\/\\\/www.clubdelviatger.cat\\\/es\\\/viaje\\\/viaje-alsacia-y-selva-negra\\\/\"]}]},{\"@type\":\"ImageObject\",\"inLanguage\":\"es\",\"@id\":\"https:\\\/\\\/www.clubdelviatger.cat\\\/es\\\/viaje\\\/viaje-alsacia-y-selva-negra\\\/#primaryimage\",\"url\":\"https:\\\/\\\/www.clubdelviatger.cat\\\/wp-content\\\/uploads\\\/2025\\\/03\\\/P-ALS.png\",\"contentUrl\":\"https:\\\/\\\/www.clubdelviatger.cat\\\/wp-content\\\/uploads\\\/2025\\\/03\\\/P-ALS.png\",\"width\":1920,\"height\":1080,\"caption\":\"Viaje Alsacia y Selva Negra\"},{\"@type\":\"BreadcrumbList\",\"@id\":\"https:\\\/\\\/www.clubdelviatger.cat\\\/es\\\/viaje\\\/viaje-alsacia-y-selva-negra\\\/#breadcrumb\",\"itemListElement\":[{\"@type\":\"ListItem\",\"position\":1,\"name\":\"Viatges\",\"item\":\"https:\\\/\\\/www.clubdelviatger.cat\\\/es\\\/viaje\\\/\"},{\"@type\":\"ListItem\",\"position\":2,\"name\":\"Alsacia y Selva Negra\"}]},{\"@type\":\"WebSite\",\"@id\":\"https:\\\/\\\/www.clubdelviatger.cat\\\/es\\\/#website\",\"url\":\"https:\\\/\\\/www.clubdelviatger.cat\\\/es\\\/\",\"name\":\"Club del Viatger\",\"description\":\"L&#039;\u00e8xit de qualsevol viatge, \u00e9s una bona companyia\",\"publisher\":{\"@id\":\"https:\\\/\\\/www.clubdelviatger.cat\\\/es\\\/#organization\"},\"alternateName\":\"Club del Viatger\",\"potentialAction\":[{\"@type\":\"SearchAction\",\"target\":{\"@type\":\"EntryPoint\",\"urlTemplate\":\"https:\\\/\\\/www.clubdelviatger.cat\\\/es\\\/?s={search_term_string}\"},\"query-input\":{\"@type\":\"PropertyValueSpecification\",\"valueRequired\":true,\"valueName\":\"search_term_string\"}}],\"inLanguage\":\"es\"},{\"@type\":\"Organization\",\"@id\":\"https:\\\/\\\/www.clubdelviatger.cat\\\/es\\\/#organization\",\"name\":\"Club del Viatger\",\"url\":\"https:\\\/\\\/www.clubdelviatger.cat\\\/es\\\/\",\"logo\":{\"@type\":\"ImageObject\",\"inLanguage\":\"es\",\"@id\":\"https:\\\/\\\/www.clubdelviatger.cat\\\/es\\\/#\\\/schema\\\/logo\\\/image\\\/\",\"url\":\"https:\\\/\\\/www.clubdelviatger.cat\\\/wp-content\\\/uploads\\\/2024\\\/08\\\/ClubViatger-logo_512x512.png\",\"contentUrl\":\"https:\\\/\\\/www.clubdelviatger.cat\\\/wp-content\\\/uploads\\\/2024\\\/08\\\/ClubViatger-logo_512x512.png\",\"width\":512,\"height\":512,\"caption\":\"Club del Viatger\"},\"image\":{\"@id\":\"https:\\\/\\\/www.clubdelviatger.cat\\\/es\\\/#\\\/schema\\\/logo\\\/image\\\/\"},\"sameAs\":[\"https:\\\/\\\/www.facebook.com\\\/clubdelviatger.cat\\\/\",\"https:\\\/\\\/www.instagram.com\\\/clubdelviatger\\\/\",\"https:\\\/\\\/www.pinterest.es\\\/clubdelviatger\\\/\",\"https:\\\/\\\/www.youtube.com\\\/channel\\\/UCMgt7TAxt_Ci4Y19BPJy28A\\\/feed\"]}]}<\/script>\n<!-- \/ Yoast SEO plugin. -->","yoast_head_json":{"title":"Viaje a Alsacia y Selva Negra &#8226; Club del Viatger","description":"En este viaje a la Alsacia y la Selva Negra visitaremos el mismo coraz\u00f3n de la vieja Europa y s\u00edmbolo de la nueva Europa unida.","robots":{"index":"index","follow":"follow","max-snippet":"max-snippet:-1","max-image-preview":"max-image-preview:large","max-video-preview":"max-video-preview:-1"},"canonical":"https:\/\/www.clubdelviatger.cat\/es\/viaje\/viaje-alsacia-y-selva-negra\/","og_locale":"es_ES","og_type":"article","og_title":"Viaje a Alsacia y Selva Negra &#8226; Club del Viatger","og_description":"En este viaje a la Alsacia y la Selva Negra visitaremos el mismo coraz\u00f3n de la vieja Europa y s\u00edmbolo de la nueva Europa unida.","og_url":"https:\/\/www.clubdelviatger.cat\/es\/viaje\/viaje-alsacia-y-selva-negra\/","og_site_name":"Club del Viatger","article_publisher":"https:\/\/www.facebook.com\/clubdelviatger.cat\/","article_modified_time":"2025-07-29T15:01:26+00:00","og_image":[{"width":1024,"height":576,"url":"https:\/\/www.clubdelviatger.cat\/wp-content\/uploads\/2025\/03\/P-ALS-1024x576.png","type":"image\/png"}],"twitter_card":"summary_large_image","twitter_misc":{"Tiempo de lectura":"2 minutos"},"schema":{"@context":"https:\/\/schema.org","@graph":[{"@type":"WebPage","@id":"https:\/\/www.clubdelviatger.cat\/es\/viaje\/viaje-alsacia-y-selva-negra\/","url":"https:\/\/www.clubdelviatger.cat\/es\/viaje\/viaje-alsacia-y-selva-negra\/","name":"Viaje a Alsacia y Selva Negra &#8226; Club del Viatger","isPartOf":{"@id":"https:\/\/www.clubdelviatger.cat\/es\/#website"},"primaryImageOfPage":{"@id":"https:\/\/www.clubdelviatger.cat\/es\/viaje\/viaje-alsacia-y-selva-negra\/#primaryimage"},"image":{"@id":"https:\/\/www.clubdelviatger.cat\/es\/viaje\/viaje-alsacia-y-selva-negra\/#primaryimage"},"thumbnailUrl":"https:\/\/www.clubdelviatger.cat\/wp-content\/uploads\/2025\/03\/P-ALS.png","datePublished":"2025-03-11T13:32:34+00:00","dateModified":"2025-07-29T15:01:26+00:00","description":"En este viaje a la Alsacia y la Selva Negra visitaremos el mismo coraz\u00f3n de la vieja Europa y s\u00edmbolo de la nueva Europa unida.","breadcrumb":{"@id":"https:\/\/www.clubdelviatger.cat\/es\/viaje\/viaje-alsacia-y-selva-negra\/#breadcrumb"},"inLanguage":"es","potentialAction":[{"@type":"ReadAction","target":["https:\/\/www.clubdelviatger.cat\/es\/viaje\/viaje-alsacia-y-selva-negra\/"]}]},{"@type":"ImageObject","inLanguage":"es","@id":"https:\/\/www.clubdelviatger.cat\/es\/viaje\/viaje-alsacia-y-selva-negra\/#primaryimage","url":"https:\/\/www.clubdelviatger.cat\/wp-content\/uploads\/2025\/03\/P-ALS.png","contentUrl":"https:\/\/www.clubdelviatger.cat\/wp-content\/uploads\/2025\/03\/P-ALS.png","width":1920,"height":1080,"caption":"Viaje Alsacia y Selva Negra"},{"@type":"BreadcrumbList","@id":"https:\/\/www.clubdelviatger.cat\/es\/viaje\/viaje-alsacia-y-selva-negra\/#breadcrumb","itemListElement":[{"@type":"ListItem","position":1,"name":"Viatges","item":"https:\/\/www.clubdelviatger.cat\/es\/viaje\/"},{"@type":"ListItem","position":2,"name":"Alsacia y Selva Negra"}]},{"@type":"WebSite","@id":"https:\/\/www.clubdelviatger.cat\/es\/#website","url":"https:\/\/www.clubdelviatger.cat\/es\/","name":"Club del Viatger","description":"L&#039;\u00e8xit de qualsevol viatge, \u00e9s una bona companyia","publisher":{"@id":"https:\/\/www.clubdelviatger.cat\/es\/#organization"},"alternateName":"Club del Viatger","potentialAction":[{"@type":"SearchAction","target":{"@type":"EntryPoint","urlTemplate":"https:\/\/www.clubdelviatger.cat\/es\/?s={search_term_string}"},"query-input":{"@type":"PropertyValueSpecification","valueRequired":true,"valueName":"search_term_string"}}],"inLanguage":"es"},{"@type":"Organization","@id":"https:\/\/www.clubdelviatger.cat\/es\/#organization","name":"Club del Viatger","url":"https:\/\/www.clubdelviatger.cat\/es\/","logo":{"@type":"ImageObject","inLanguage":"es","@id":"https:\/\/www.clubdelviatger.cat\/es\/#\/schema\/logo\/image\/","url":"https:\/\/www.clubdelviatger.cat\/wp-content\/uploads\/2024\/08\/ClubViatger-logo_512x512.png","contentUrl":"https:\/\/www.clubdelviatger.cat\/wp-content\/uploads\/2024\/08\/ClubViatger-logo_512x512.png","width":512,"height":512,"caption":"Club del Viatger"},"image":{"@id":"https:\/\/www.clubdelviatger.cat\/es\/#\/schema\/logo\/image\/"},"sameAs":["https:\/\/www.facebook.com\/clubdelviatger.cat\/","https:\/\/www.instagram.com\/clubdelviatger\/","https:\/\/www.pinterest.es\/clubdelviatger\/","https:\/\/www.youtube.com\/channel\/UCMgt7TAxt_Ci4Y19BPJy28A\/feed"]}]}},"_links":{"self":[{"href":"https:\/\/www.clubdelviatger.cat\/es\/wp-json\/wp\/v2\/viatges\/26793","targetHints":{"allow":["GET"]}}],"collection":[{"href":"https:\/\/www.clubdelviatger.cat\/es\/wp-json\/wp\/v2\/viatges"}],"about":[{"href":"https:\/\/www.clubdelviatger.cat\/es\/wp-json\/wp\/v2\/types\/viatges"}],"version-history":[{"count":0,"href":"https:\/\/www.clubdelviatger.cat\/es\/wp-json\/wp\/v2\/viatges\/26793\/revisions"}],"wp:featuredmedia":[{"embeddable":true,"href":"https:\/\/www.clubdelviatger.cat\/es\/wp-json\/wp\/v2\/media\/26701"}],"wp:attachment":[{"href":"https:\/\/www.clubdelviatger.cat\/es\/wp-json\/wp\/v2\/media?parent=26793"}],"wp:term":[{"taxonomy":"p_categories","embeddable":true,"href":"https:\/\/www.clubdelviatger.cat\/es\/wp-json\/wp\/v2\/p_categories?post=26793"},{"taxonomy":"p_calendari","embeddable":true,"href":"https:\/\/www.clubdelviatger.cat\/es\/wp-json\/wp\/v2\/p_calendari?post=26793"}],"curies":[{"name":"wp","href":"https:\/\/api.w.org\/{rel}","templated":true}]}}