{"id":13418,"date":"2024-02-05T11:00:03","date_gmt":"2024-02-05T10:00:03","guid":{"rendered":"https:\/\/www.clubdelviatger.cat\/viatge\/la-provenza-y-la-florida-de-la-lavanda\/"},"modified":"2025-03-24T15:17:07","modified_gmt":"2025-03-24T14:17:07","slug":"la-provenza-y-la-florida-de-la-lavanda","status":"publish","type":"viatges","link":"https:\/\/www.clubdelviatger.cat\/es\/viaje\/la-provenza-y-la-florida-de-la-lavanda\/","title":{"rendered":"La Provenza y la floraci\u00f3n de la Lavanda"},"content":{"rendered":"\n\n\n<p>La Provenza es una de las regiones de Francia que m\u00e1s nos despiertan los sentidos gracias a sus grandes campos de lavanda de color malva, son posiblemente la estampa m\u00e1s famosa de la Provenza. Esta hermosa regi\u00f3n del sur de Francia de cara al Mediterr\u00e1neo es exuberante en paisajes y lugares, conformando uno de los destinos m\u00e1s completos del pa\u00eds vecino. Poblada desde tiempos de los fenicios, la Provenza tiene desde vestigios romanos y pueblos medievales hasta parques naturales y playas extraordinarias.<\/p>\n\n\n\n<p>Visitaremos algunos de sus encantadores pueblos, muchos de ellos considerados de los m\u00e1s bonitos de Francia, con interesantes monumentos y una fascinante historia. Las fechas que hemos elegido, a finales de junio, corresponden al comienzo del florecimiento de la lavanda y nos permitir\u00e1 conocer una Provenza con olor y color de verano que nos fascinar\u00e1 a nosotros como ha fascinado a pintores y artistas a lo largo de los siglos.<\/p>\n\n\n\n<p>Este viaje en autocar a la cercana Provenza tiene para nosotros un sentido muy especial, ya que es el primer viaje que realiz\u00f3 el Club del Viatger hace ya 16 a\u00f1os.<\/p>\n\n\n\n<p>\u00a1Bienvenidos a una Francia maravillosa!<\/p>\n","protected":false},"excerpt":{"rendered":"<p>La Provenza es una de las regiones de Francia que m\u00e1s nos despiertan los sentidos gracias a sus grandes campos de lavanda de color malva, son posiblemente la estampa m\u00e1s famosa de la Provenza. Esta hermosa regi\u00f3n del sur de Francia de cara al Mediterr\u00e1neo es exuberante en paisajes y lugares, conformando uno de los [&hellip;]<\/p>\n","protected":false},"featured_media":38212,"template":"","p_categories":[135,138],"p_calendari":[185,192],"class_list":["post-13418","viatges","type-viatges","status-publish","has-post-thumbnail","hentry","p_categories-viajes-en-autocar","p_categories-viajes-por-europa","p_calendari-calendario-viajes-2026","p_calendari-junio-2026"],"yoast_head":"<!-- This site is optimized with the Yoast SEO plugin v27.5 - https:\/\/yoast.com\/product\/yoast-seo-wordpress\/ -->\n<title>La Provenza y la floraci\u00f3n de la Lavanda &#8226; Club del Viatger<\/title>\n<meta name=\"description\" content=\"La Provenza es una de las regiones de Francia que m\u00e1s nos despiertan los sentidos gracias a sus largos campos de lavanda de color malva.\" \/>\n<meta name=\"robots\" content=\"index, follow, max-snippet:-1, max-image-preview:large, max-video-preview:-1\" \/>\n<link rel=\"canonical\" href=\"https:\/\/www.clubdelviatger.cat\/es\/viaje\/la-provenza-y-la-florida-de-la-lavanda\/\" \/>\n<meta property=\"og:locale\" content=\"es_ES\" \/>\n<meta property=\"og:type\" content=\"article\" \/>\n<meta property=\"og:title\" content=\"La Provenza y la floraci\u00f3n de la Lavanda &#8226; Club del Viatger\" \/>\n<meta property=\"og:description\" content=\"La Provenza es una de las regiones de Francia que m\u00e1s nos despiertan los sentidos gracias a sus largos campos de lavanda de color malva.\" \/>\n<meta property=\"og:url\" content=\"https:\/\/www.clubdelviatger.cat\/es\/viaje\/la-provenza-y-la-florida-de-la-lavanda\/\" \/>\n<meta property=\"og:site_name\" content=\"Club del Viatger\" \/>\n<meta property=\"article:publisher\" content=\"https:\/\/www.facebook.com\/clubdelviatger.cat\/\" \/>\n<meta property=\"article:modified_time\" content=\"2025-03-24T14:17:07+00:00\" \/>\n<meta property=\"og:image\" content=\"https:\/\/www.clubdelviatger.cat\/wp-content\/uploads\/2024\/02\/Redimensio-de-les-imatges-7-min.png\" \/>\n\t<meta property=\"og:image:width\" content=\"1920\" \/>\n\t<meta property=\"og:image:height\" content=\"1080\" \/>\n\t<meta property=\"og:image:type\" content=\"image\/png\" \/>\n<meta name=\"twitter:card\" content=\"summary_large_image\" \/>\n<meta name=\"twitter:label1\" content=\"Tiempo de lectura\" \/>\n\t<meta name=\"twitter:data1\" content=\"2 minutos\" \/>\n<script type=\"application\/ld+json\" class=\"yoast-schema-graph\">{\"@context\":\"https:\\\/\\\/schema.org\",\"@graph\":[{\"@type\":\"WebPage\",\"@id\":\"https:\\\/\\\/www.clubdelviatger.cat\\\/es\\\/viaje\\\/la-provenza-y-la-florida-de-la-lavanda\\\/\",\"url\":\"https:\\\/\\\/www.clubdelviatger.cat\\\/es\\\/viaje\\\/la-provenza-y-la-florida-de-la-lavanda\\\/\",\"name\":\"La Provenza y la floraci\u00f3n de la Lavanda &#8226; Club del Viatger\",\"isPartOf\":{\"@id\":\"https:\\\/\\\/www.clubdelviatger.cat\\\/es\\\/#website\"},\"primaryImageOfPage\":{\"@id\":\"https:\\\/\\\/www.clubdelviatger.cat\\\/es\\\/viaje\\\/la-provenza-y-la-florida-de-la-lavanda\\\/#primaryimage\"},\"image\":{\"@id\":\"https:\\\/\\\/www.clubdelviatger.cat\\\/es\\\/viaje\\\/la-provenza-y-la-florida-de-la-lavanda\\\/#primaryimage\"},\"thumbnailUrl\":\"https:\\\/\\\/www.clubdelviatger.cat\\\/wp-content\\\/uploads\\\/2024\\\/02\\\/P-PRINCIPAL-1.png\",\"datePublished\":\"2024-02-05T10:00:03+00:00\",\"dateModified\":\"2025-03-24T14:17:07+00:00\",\"description\":\"La Provenza es una de las regiones de Francia que m\u00e1s nos despiertan los sentidos gracias a sus largos campos de lavanda de color malva.\",\"breadcrumb\":{\"@id\":\"https:\\\/\\\/www.clubdelviatger.cat\\\/es\\\/viaje\\\/la-provenza-y-la-florida-de-la-lavanda\\\/#breadcrumb\"},\"inLanguage\":\"es\",\"potentialAction\":[{\"@type\":\"ReadAction\",\"target\":[\"https:\\\/\\\/www.clubdelviatger.cat\\\/es\\\/viaje\\\/la-provenza-y-la-florida-de-la-lavanda\\\/\"]}]},{\"@type\":\"ImageObject\",\"inLanguage\":\"es\",\"@id\":\"https:\\\/\\\/www.clubdelviatger.cat\\\/es\\\/viaje\\\/la-provenza-y-la-florida-de-la-lavanda\\\/#primaryimage\",\"url\":\"https:\\\/\\\/www.clubdelviatger.cat\\\/wp-content\\\/uploads\\\/2024\\\/02\\\/P-PRINCIPAL-1.png\",\"contentUrl\":\"https:\\\/\\\/www.clubdelviatger.cat\\\/wp-content\\\/uploads\\\/2024\\\/02\\\/P-PRINCIPAL-1.png\",\"width\":1920,\"height\":1080,\"caption\":\"la florida de la lavanda a la proven\u00e7a\"},{\"@type\":\"BreadcrumbList\",\"@id\":\"https:\\\/\\\/www.clubdelviatger.cat\\\/es\\\/viaje\\\/la-provenza-y-la-florida-de-la-lavanda\\\/#breadcrumb\",\"itemListElement\":[{\"@type\":\"ListItem\",\"position\":1,\"name\":\"Viatges\",\"item\":\"https:\\\/\\\/www.clubdelviatger.cat\\\/es\\\/viaje\\\/\"},{\"@type\":\"ListItem\",\"position\":2,\"name\":\"La Provenza y la floraci\u00f3n de la Lavanda\"}]},{\"@type\":\"WebSite\",\"@id\":\"https:\\\/\\\/www.clubdelviatger.cat\\\/es\\\/#website\",\"url\":\"https:\\\/\\\/www.clubdelviatger.cat\\\/es\\\/\",\"name\":\"Club del Viatger\",\"description\":\"L&#039;\u00e8xit de qualsevol viatge, \u00e9s una bona companyia\",\"publisher\":{\"@id\":\"https:\\\/\\\/www.clubdelviatger.cat\\\/es\\\/#organization\"},\"alternateName\":\"Club del Viatger\",\"potentialAction\":[{\"@type\":\"SearchAction\",\"target\":{\"@type\":\"EntryPoint\",\"urlTemplate\":\"https:\\\/\\\/www.clubdelviatger.cat\\\/es\\\/?s={search_term_string}\"},\"query-input\":{\"@type\":\"PropertyValueSpecification\",\"valueRequired\":true,\"valueName\":\"search_term_string\"}}],\"inLanguage\":\"es\"},{\"@type\":\"Organization\",\"@id\":\"https:\\\/\\\/www.clubdelviatger.cat\\\/es\\\/#organization\",\"name\":\"Club del Viatger\",\"url\":\"https:\\\/\\\/www.clubdelviatger.cat\\\/es\\\/\",\"logo\":{\"@type\":\"ImageObject\",\"inLanguage\":\"es\",\"@id\":\"https:\\\/\\\/www.clubdelviatger.cat\\\/es\\\/#\\\/schema\\\/logo\\\/image\\\/\",\"url\":\"https:\\\/\\\/www.clubdelviatger.cat\\\/wp-content\\\/uploads\\\/2024\\\/08\\\/ClubViatger-logo_512x512.png\",\"contentUrl\":\"https:\\\/\\\/www.clubdelviatger.cat\\\/wp-content\\\/uploads\\\/2024\\\/08\\\/ClubViatger-logo_512x512.png\",\"width\":512,\"height\":512,\"caption\":\"Club del Viatger\"},\"image\":{\"@id\":\"https:\\\/\\\/www.clubdelviatger.cat\\\/es\\\/#\\\/schema\\\/logo\\\/image\\\/\"},\"sameAs\":[\"https:\\\/\\\/www.facebook.com\\\/clubdelviatger.cat\\\/\",\"https:\\\/\\\/www.instagram.com\\\/clubdelviatger\\\/\",\"https:\\\/\\\/www.pinterest.es\\\/clubdelviatger\\\/\",\"https:\\\/\\\/www.youtube.com\\\/channel\\\/UCMgt7TAxt_Ci4Y19BPJy28A\\\/feed\"]}]}<\/script>\n<!-- \/ Yoast SEO plugin. -->","yoast_head_json":{"title":"La Provenza y la floraci\u00f3n de la Lavanda &#8226; Club del Viatger","description":"La Provenza es una de las regiones de Francia que m\u00e1s nos despiertan los sentidos gracias a sus largos campos de lavanda de color malva.","robots":{"index":"index","follow":"follow","max-snippet":"max-snippet:-1","max-image-preview":"max-image-preview:large","max-video-preview":"max-video-preview:-1"},"canonical":"https:\/\/www.clubdelviatger.cat\/es\/viaje\/la-provenza-y-la-florida-de-la-lavanda\/","og_locale":"es_ES","og_type":"article","og_title":"La Provenza y la floraci\u00f3n de la Lavanda &#8226; Club del Viatger","og_description":"La Provenza es una de las regiones de Francia que m\u00e1s nos despiertan los sentidos gracias a sus largos campos de lavanda de color malva.","og_url":"https:\/\/www.clubdelviatger.cat\/es\/viaje\/la-provenza-y-la-florida-de-la-lavanda\/","og_site_name":"Club del Viatger","article_publisher":"https:\/\/www.facebook.com\/clubdelviatger.cat\/","article_modified_time":"2025-03-24T14:17:07+00:00","og_image":[{"width":1920,"height":1080,"url":"https:\/\/www.clubdelviatger.cat\/wp-content\/uploads\/2024\/02\/Redimensio-de-les-imatges-7-min.png","type":"image\/png"}],"twitter_card":"summary_large_image","twitter_misc":{"Tiempo de lectura":"2 minutos"},"schema":{"@context":"https:\/\/schema.org","@graph":[{"@type":"WebPage","@id":"https:\/\/www.clubdelviatger.cat\/es\/viaje\/la-provenza-y-la-florida-de-la-lavanda\/","url":"https:\/\/www.clubdelviatger.cat\/es\/viaje\/la-provenza-y-la-florida-de-la-lavanda\/","name":"La Provenza y la floraci\u00f3n de la Lavanda &#8226; Club del Viatger","isPartOf":{"@id":"https:\/\/www.clubdelviatger.cat\/es\/#website"},"primaryImageOfPage":{"@id":"https:\/\/www.clubdelviatger.cat\/es\/viaje\/la-provenza-y-la-florida-de-la-lavanda\/#primaryimage"},"image":{"@id":"https:\/\/www.clubdelviatger.cat\/es\/viaje\/la-provenza-y-la-florida-de-la-lavanda\/#primaryimage"},"thumbnailUrl":"https:\/\/www.clubdelviatger.cat\/wp-content\/uploads\/2024\/02\/P-PRINCIPAL-1.png","datePublished":"2024-02-05T10:00:03+00:00","dateModified":"2025-03-24T14:17:07+00:00","description":"La Provenza es una de las regiones de Francia que m\u00e1s nos despiertan los sentidos gracias a sus largos campos de lavanda de color malva.","breadcrumb":{"@id":"https:\/\/www.clubdelviatger.cat\/es\/viaje\/la-provenza-y-la-florida-de-la-lavanda\/#breadcrumb"},"inLanguage":"es","potentialAction":[{"@type":"ReadAction","target":["https:\/\/www.clubdelviatger.cat\/es\/viaje\/la-provenza-y-la-florida-de-la-lavanda\/"]}]},{"@type":"ImageObject","inLanguage":"es","@id":"https:\/\/www.clubdelviatger.cat\/es\/viaje\/la-provenza-y-la-florida-de-la-lavanda\/#primaryimage","url":"https:\/\/www.clubdelviatger.cat\/wp-content\/uploads\/2024\/02\/P-PRINCIPAL-1.png","contentUrl":"https:\/\/www.clubdelviatger.cat\/wp-content\/uploads\/2024\/02\/P-PRINCIPAL-1.png","width":1920,"height":1080,"caption":"la florida de la lavanda a la proven\u00e7a"},{"@type":"BreadcrumbList","@id":"https:\/\/www.clubdelviatger.cat\/es\/viaje\/la-provenza-y-la-florida-de-la-lavanda\/#breadcrumb","itemListElement":[{"@type":"ListItem","position":1,"name":"Viatges","item":"https:\/\/www.clubdelviatger.cat\/es\/viaje\/"},{"@type":"ListItem","position":2,"name":"La Provenza y la floraci\u00f3n de la Lavanda"}]},{"@type":"WebSite","@id":"https:\/\/www.clubdelviatger.cat\/es\/#website","url":"https:\/\/www.clubdelviatger.cat\/es\/","name":"Club del Viatger","description":"L&#039;\u00e8xit de qualsevol viatge, \u00e9s una bona companyia","publisher":{"@id":"https:\/\/www.clubdelviatger.cat\/es\/#organization"},"alternateName":"Club del Viatger","potentialAction":[{"@type":"SearchAction","target":{"@type":"EntryPoint","urlTemplate":"https:\/\/www.clubdelviatger.cat\/es\/?s={search_term_string}"},"query-input":{"@type":"PropertyValueSpecification","valueRequired":true,"valueName":"search_term_string"}}],"inLanguage":"es"},{"@type":"Organization","@id":"https:\/\/www.clubdelviatger.cat\/es\/#organization","name":"Club del Viatger","url":"https:\/\/www.clubdelviatger.cat\/es\/","logo":{"@type":"ImageObject","inLanguage":"es","@id":"https:\/\/www.clubdelviatger.cat\/es\/#\/schema\/logo\/image\/","url":"https:\/\/www.clubdelviatger.cat\/wp-content\/uploads\/2024\/08\/ClubViatger-logo_512x512.png","contentUrl":"https:\/\/www.clubdelviatger.cat\/wp-content\/uploads\/2024\/08\/ClubViatger-logo_512x512.png","width":512,"height":512,"caption":"Club del Viatger"},"image":{"@id":"https:\/\/www.clubdelviatger.cat\/es\/#\/schema\/logo\/image\/"},"sameAs":["https:\/\/www.facebook.com\/clubdelviatger.cat\/","https:\/\/www.instagram.com\/clubdelviatger\/","https:\/\/www.pinterest.es\/clubdelviatger\/","https:\/\/www.youtube.com\/channel\/UCMgt7TAxt_Ci4Y19BPJy28A\/feed"]}]}},"_links":{"self":[{"href":"https:\/\/www.clubdelviatger.cat\/es\/wp-json\/wp\/v2\/viatges\/13418","targetHints":{"allow":["GET"]}}],"collection":[{"href":"https:\/\/www.clubdelviatger.cat\/es\/wp-json\/wp\/v2\/viatges"}],"about":[{"href":"https:\/\/www.clubdelviatger.cat\/es\/wp-json\/wp\/v2\/types\/viatges"}],"version-history":[{"count":0,"href":"https:\/\/www.clubdelviatger.cat\/es\/wp-json\/wp\/v2\/viatges\/13418\/revisions"}],"wp:featuredmedia":[{"embeddable":true,"href":"https:\/\/www.clubdelviatger.cat\/es\/wp-json\/wp\/v2\/media\/38212"}],"wp:attachment":[{"href":"https:\/\/www.clubdelviatger.cat\/es\/wp-json\/wp\/v2\/media?parent=13418"}],"wp:term":[{"taxonomy":"p_categories","embeddable":true,"href":"https:\/\/www.clubdelviatger.cat\/es\/wp-json\/wp\/v2\/p_categories?post=13418"},{"taxonomy":"p_calendari","embeddable":true,"href":"https:\/\/www.clubdelviatger.cat\/es\/wp-json\/wp\/v2\/p_calendari?post=13418"}],"curies":[{"name":"wp","href":"https:\/\/api.w.org\/{rel}","templated":true}]}}