{"id":13323,"date":"2025-03-03T15:43:02","date_gmt":"2025-03-03T14:43:02","guid":{"rendered":"https:\/\/www.clubdelviatger.cat\/viatge\/lyon-y-el-festival-de-las-luces\/"},"modified":"2025-07-29T15:56:59","modified_gmt":"2025-07-29T13:56:59","slug":"viaje-lyon-festival-de-la-luz","status":"publish","type":"viatges","link":"https:\/\/www.clubdelviatger.cat\/es\/viaje\/viaje-lyon-festival-de-la-luz\/","title":{"rendered":"Lyon y el festival de la luz"},"content":{"rendered":"\n<p>El Club del Viatger os lleva a Lyon, la ciudad de los <em>bouchons<\/em>, los <em>traboul\u00e9s<\/em> y la gastronom\u00eda de Bocuse, para descubrir su patrimonio hist\u00f3rico, arquitect\u00f3nico y gastron\u00f3mico. La vieja ciudad de Lyon fue declarada Patrimonio de la Humanidad en 1998 y visitaremos sus edificios m\u00e1s importantes, como la catedral de San Juan Bautista, que tiene un reloj astron\u00f3mico del siglo XIV.<\/p>\n\n\n\n<p>Este viaje a Lyon es ideal para los amantes de la historia, la cultura y la buena cocina. A\u00f1o tras a\u00f1o, la ciudad brilla con el Festival de la Luz, una aut\u00e9ntica instituci\u00f3n lionesa, que adorna Lyon de luz y color. Calles, plazas y fachadas lucen extraordinarios dise\u00f1os visuales creados por artistas locales e internacionales.<\/p>\n\n\n\n<p>Adem\u00e1s, durante este viaje a Lyon, aprovecharemos la escapada para visitar la ciudad medieval de P\u00e9rouges, la capital de la Alta Saboya, Annecy, y la vieja Annecy, una ciudad art\u00edstica con el segundo lago m\u00e1s grande de Francia. <\/p>\n\n\n\n<p>Todo ello, \u00a1nos dejar\u00e1 boquiabiertos!<\/p>\n\n\n\n<p><\/p>\n","protected":false},"excerpt":{"rendered":"<p>El Club del Viatger os lleva a Lyon, la ciudad de los bouchons, los traboul\u00e9s y la gastronom\u00eda de Bocuse, para descubrir su patrimonio hist\u00f3rico, arquitect\u00f3nico y gastron\u00f3mico. La vieja ciudad de Lyon fue declarada Patrimonio de la Humanidad en 1998 y visitaremos sus edificios m\u00e1s importantes, como la catedral de San Juan Bautista, que [&hellip;]<\/p>\n","protected":false},"featured_media":19519,"template":"","p_categories":[138],"p_calendari":[117,120],"class_list":["post-13323","viatges","type-viatges","status-publish","has-post-thumbnail","hentry","p_categories-viajes-por-europa","p_calendari-calendario-2025","p_calendari-diciembre-2025"],"yoast_head":"<!-- This site is optimized with the Yoast SEO plugin v27.5 - https:\/\/yoast.com\/product\/yoast-seo-wordpress\/ -->\n<title>Viaje a Lyon y el festival de la luz &#8226; Club del Viatger<\/title>\n<meta name=\"description\" content=\"Vive el Festival de las Luz con un viaje a Lyon: descubre la ciudad Patrimonio de la Humanidad, su gastronom\u00eda y visita Annecy y P\u00e9rouges.\" \/>\n<meta name=\"robots\" content=\"index, follow, max-snippet:-1, max-image-preview:large, max-video-preview:-1\" \/>\n<link rel=\"canonical\" href=\"https:\/\/www.clubdelviatger.cat\/es\/viaje\/viaje-lyon-festival-de-la-luz\/\" \/>\n<meta property=\"og:locale\" content=\"es_ES\" \/>\n<meta property=\"og:type\" content=\"article\" \/>\n<meta property=\"og:title\" content=\"Viaje a Lyon y el festival de la luz &#8226; Club del Viatger\" \/>\n<meta property=\"og:description\" content=\"Vive el Festival de las Luz con un viaje a Lyon: descubre la ciudad Patrimonio de la Humanidad, su gastronom\u00eda y visita Annecy y P\u00e9rouges.\" \/>\n<meta property=\"og:url\" content=\"https:\/\/www.clubdelviatger.cat\/es\/viaje\/viaje-lyon-festival-de-la-luz\/\" \/>\n<meta property=\"og:site_name\" content=\"Club del Viatger\" \/>\n<meta property=\"article:publisher\" content=\"https:\/\/www.facebook.com\/clubdelviatger.cat\/\" \/>\n<meta property=\"article:modified_time\" content=\"2025-07-29T13:56:59+00:00\" \/>\n<meta property=\"og:image\" content=\"https:\/\/www.clubdelviatger.cat\/wp-content\/uploads\/2023\/03\/P-PRINCIPAL-1.png\" \/>\n\t<meta property=\"og:image:width\" content=\"1920\" \/>\n\t<meta property=\"og:image:height\" content=\"1080\" \/>\n\t<meta property=\"og:image:type\" content=\"image\/png\" \/>\n<meta name=\"twitter:card\" content=\"summary_large_image\" \/>\n<meta name=\"twitter:label1\" content=\"Tiempo de lectura\" \/>\n\t<meta name=\"twitter:data1\" content=\"2 minutos\" \/>\n<script type=\"application\/ld+json\" class=\"yoast-schema-graph\">{\"@context\":\"https:\\\/\\\/schema.org\",\"@graph\":[{\"@type\":\"WebPage\",\"@id\":\"https:\\\/\\\/www.clubdelviatger.cat\\\/es\\\/viaje\\\/viaje-lyon-festival-de-la-luz\\\/\",\"url\":\"https:\\\/\\\/www.clubdelviatger.cat\\\/es\\\/viaje\\\/viaje-lyon-festival-de-la-luz\\\/\",\"name\":\"Viaje a Lyon y el festival de la luz &#8226; Club del Viatger\",\"isPartOf\":{\"@id\":\"https:\\\/\\\/www.clubdelviatger.cat\\\/es\\\/#website\"},\"primaryImageOfPage\":{\"@id\":\"https:\\\/\\\/www.clubdelviatger.cat\\\/es\\\/viaje\\\/viaje-lyon-festival-de-la-luz\\\/#primaryimage\"},\"image\":{\"@id\":\"https:\\\/\\\/www.clubdelviatger.cat\\\/es\\\/viaje\\\/viaje-lyon-festival-de-la-luz\\\/#primaryimage\"},\"thumbnailUrl\":\"https:\\\/\\\/www.clubdelviatger.cat\\\/wp-content\\\/uploads\\\/2023\\\/03\\\/P-PRINCIPAL-1.png\",\"datePublished\":\"2025-03-03T14:43:02+00:00\",\"dateModified\":\"2025-07-29T13:56:59+00:00\",\"description\":\"Vive el Festival de las Luz con un viaje a Lyon: descubre la ciudad Patrimonio de la Humanidad, su gastronom\u00eda y visita Annecy y P\u00e9rouges.\",\"breadcrumb\":{\"@id\":\"https:\\\/\\\/www.clubdelviatger.cat\\\/es\\\/viaje\\\/viaje-lyon-festival-de-la-luz\\\/#breadcrumb\"},\"inLanguage\":\"es\",\"potentialAction\":[{\"@type\":\"ReadAction\",\"target\":[\"https:\\\/\\\/www.clubdelviatger.cat\\\/es\\\/viaje\\\/viaje-lyon-festival-de-la-luz\\\/\"]}]},{\"@type\":\"ImageObject\",\"inLanguage\":\"es\",\"@id\":\"https:\\\/\\\/www.clubdelviatger.cat\\\/es\\\/viaje\\\/viaje-lyon-festival-de-la-luz\\\/#primaryimage\",\"url\":\"https:\\\/\\\/www.clubdelviatger.cat\\\/wp-content\\\/uploads\\\/2023\\\/03\\\/P-PRINCIPAL-1.png\",\"contentUrl\":\"https:\\\/\\\/www.clubdelviatger.cat\\\/wp-content\\\/uploads\\\/2023\\\/03\\\/P-PRINCIPAL-1.png\",\"width\":1920,\"height\":1080,\"caption\":\"Lyon\"},{\"@type\":\"BreadcrumbList\",\"@id\":\"https:\\\/\\\/www.clubdelviatger.cat\\\/es\\\/viaje\\\/viaje-lyon-festival-de-la-luz\\\/#breadcrumb\",\"itemListElement\":[{\"@type\":\"ListItem\",\"position\":1,\"name\":\"Viatges\",\"item\":\"https:\\\/\\\/www.clubdelviatger.cat\\\/es\\\/viaje\\\/\"},{\"@type\":\"ListItem\",\"position\":2,\"name\":\"Lyon y el festival de la luz\"}]},{\"@type\":\"WebSite\",\"@id\":\"https:\\\/\\\/www.clubdelviatger.cat\\\/es\\\/#website\",\"url\":\"https:\\\/\\\/www.clubdelviatger.cat\\\/es\\\/\",\"name\":\"Club del Viatger\",\"description\":\"L&#039;\u00e8xit de qualsevol viatge, \u00e9s una bona companyia\",\"publisher\":{\"@id\":\"https:\\\/\\\/www.clubdelviatger.cat\\\/es\\\/#organization\"},\"alternateName\":\"Club del Viatger\",\"potentialAction\":[{\"@type\":\"SearchAction\",\"target\":{\"@type\":\"EntryPoint\",\"urlTemplate\":\"https:\\\/\\\/www.clubdelviatger.cat\\\/es\\\/?s={search_term_string}\"},\"query-input\":{\"@type\":\"PropertyValueSpecification\",\"valueRequired\":true,\"valueName\":\"search_term_string\"}}],\"inLanguage\":\"es\"},{\"@type\":\"Organization\",\"@id\":\"https:\\\/\\\/www.clubdelviatger.cat\\\/es\\\/#organization\",\"name\":\"Club del Viatger\",\"url\":\"https:\\\/\\\/www.clubdelviatger.cat\\\/es\\\/\",\"logo\":{\"@type\":\"ImageObject\",\"inLanguage\":\"es\",\"@id\":\"https:\\\/\\\/www.clubdelviatger.cat\\\/es\\\/#\\\/schema\\\/logo\\\/image\\\/\",\"url\":\"https:\\\/\\\/www.clubdelviatger.cat\\\/wp-content\\\/uploads\\\/2024\\\/08\\\/ClubViatger-logo_512x512.png\",\"contentUrl\":\"https:\\\/\\\/www.clubdelviatger.cat\\\/wp-content\\\/uploads\\\/2024\\\/08\\\/ClubViatger-logo_512x512.png\",\"width\":512,\"height\":512,\"caption\":\"Club del Viatger\"},\"image\":{\"@id\":\"https:\\\/\\\/www.clubdelviatger.cat\\\/es\\\/#\\\/schema\\\/logo\\\/image\\\/\"},\"sameAs\":[\"https:\\\/\\\/www.facebook.com\\\/clubdelviatger.cat\\\/\",\"https:\\\/\\\/www.instagram.com\\\/clubdelviatger\\\/\",\"https:\\\/\\\/www.pinterest.es\\\/clubdelviatger\\\/\",\"https:\\\/\\\/www.youtube.com\\\/channel\\\/UCMgt7TAxt_Ci4Y19BPJy28A\\\/feed\"]}]}<\/script>\n<!-- \/ Yoast SEO plugin. -->","yoast_head_json":{"title":"Viaje a Lyon y el festival de la luz &#8226; Club del Viatger","description":"Vive el Festival de las Luz con un viaje a Lyon: descubre la ciudad Patrimonio de la Humanidad, su gastronom\u00eda y visita Annecy y P\u00e9rouges.","robots":{"index":"index","follow":"follow","max-snippet":"max-snippet:-1","max-image-preview":"max-image-preview:large","max-video-preview":"max-video-preview:-1"},"canonical":"https:\/\/www.clubdelviatger.cat\/es\/viaje\/viaje-lyon-festival-de-la-luz\/","og_locale":"es_ES","og_type":"article","og_title":"Viaje a Lyon y el festival de la luz &#8226; Club del Viatger","og_description":"Vive el Festival de las Luz con un viaje a Lyon: descubre la ciudad Patrimonio de la Humanidad, su gastronom\u00eda y visita Annecy y P\u00e9rouges.","og_url":"https:\/\/www.clubdelviatger.cat\/es\/viaje\/viaje-lyon-festival-de-la-luz\/","og_site_name":"Club del Viatger","article_publisher":"https:\/\/www.facebook.com\/clubdelviatger.cat\/","article_modified_time":"2025-07-29T13:56:59+00:00","og_image":[{"width":1920,"height":1080,"url":"https:\/\/www.clubdelviatger.cat\/wp-content\/uploads\/2023\/03\/P-PRINCIPAL-1.png","type":"image\/png"}],"twitter_card":"summary_large_image","twitter_misc":{"Tiempo de lectura":"2 minutos"},"schema":{"@context":"https:\/\/schema.org","@graph":[{"@type":"WebPage","@id":"https:\/\/www.clubdelviatger.cat\/es\/viaje\/viaje-lyon-festival-de-la-luz\/","url":"https:\/\/www.clubdelviatger.cat\/es\/viaje\/viaje-lyon-festival-de-la-luz\/","name":"Viaje a Lyon y el festival de la luz &#8226; Club del Viatger","isPartOf":{"@id":"https:\/\/www.clubdelviatger.cat\/es\/#website"},"primaryImageOfPage":{"@id":"https:\/\/www.clubdelviatger.cat\/es\/viaje\/viaje-lyon-festival-de-la-luz\/#primaryimage"},"image":{"@id":"https:\/\/www.clubdelviatger.cat\/es\/viaje\/viaje-lyon-festival-de-la-luz\/#primaryimage"},"thumbnailUrl":"https:\/\/www.clubdelviatger.cat\/wp-content\/uploads\/2023\/03\/P-PRINCIPAL-1.png","datePublished":"2025-03-03T14:43:02+00:00","dateModified":"2025-07-29T13:56:59+00:00","description":"Vive el Festival de las Luz con un viaje a Lyon: descubre la ciudad Patrimonio de la Humanidad, su gastronom\u00eda y visita Annecy y P\u00e9rouges.","breadcrumb":{"@id":"https:\/\/www.clubdelviatger.cat\/es\/viaje\/viaje-lyon-festival-de-la-luz\/#breadcrumb"},"inLanguage":"es","potentialAction":[{"@type":"ReadAction","target":["https:\/\/www.clubdelviatger.cat\/es\/viaje\/viaje-lyon-festival-de-la-luz\/"]}]},{"@type":"ImageObject","inLanguage":"es","@id":"https:\/\/www.clubdelviatger.cat\/es\/viaje\/viaje-lyon-festival-de-la-luz\/#primaryimage","url":"https:\/\/www.clubdelviatger.cat\/wp-content\/uploads\/2023\/03\/P-PRINCIPAL-1.png","contentUrl":"https:\/\/www.clubdelviatger.cat\/wp-content\/uploads\/2023\/03\/P-PRINCIPAL-1.png","width":1920,"height":1080,"caption":"Lyon"},{"@type":"BreadcrumbList","@id":"https:\/\/www.clubdelviatger.cat\/es\/viaje\/viaje-lyon-festival-de-la-luz\/#breadcrumb","itemListElement":[{"@type":"ListItem","position":1,"name":"Viatges","item":"https:\/\/www.clubdelviatger.cat\/es\/viaje\/"},{"@type":"ListItem","position":2,"name":"Lyon y el festival de la luz"}]},{"@type":"WebSite","@id":"https:\/\/www.clubdelviatger.cat\/es\/#website","url":"https:\/\/www.clubdelviatger.cat\/es\/","name":"Club del Viatger","description":"L&#039;\u00e8xit de qualsevol viatge, \u00e9s una bona companyia","publisher":{"@id":"https:\/\/www.clubdelviatger.cat\/es\/#organization"},"alternateName":"Club del Viatger","potentialAction":[{"@type":"SearchAction","target":{"@type":"EntryPoint","urlTemplate":"https:\/\/www.clubdelviatger.cat\/es\/?s={search_term_string}"},"query-input":{"@type":"PropertyValueSpecification","valueRequired":true,"valueName":"search_term_string"}}],"inLanguage":"es"},{"@type":"Organization","@id":"https:\/\/www.clubdelviatger.cat\/es\/#organization","name":"Club del Viatger","url":"https:\/\/www.clubdelviatger.cat\/es\/","logo":{"@type":"ImageObject","inLanguage":"es","@id":"https:\/\/www.clubdelviatger.cat\/es\/#\/schema\/logo\/image\/","url":"https:\/\/www.clubdelviatger.cat\/wp-content\/uploads\/2024\/08\/ClubViatger-logo_512x512.png","contentUrl":"https:\/\/www.clubdelviatger.cat\/wp-content\/uploads\/2024\/08\/ClubViatger-logo_512x512.png","width":512,"height":512,"caption":"Club del Viatger"},"image":{"@id":"https:\/\/www.clubdelviatger.cat\/es\/#\/schema\/logo\/image\/"},"sameAs":["https:\/\/www.facebook.com\/clubdelviatger.cat\/","https:\/\/www.instagram.com\/clubdelviatger\/","https:\/\/www.pinterest.es\/clubdelviatger\/","https:\/\/www.youtube.com\/channel\/UCMgt7TAxt_Ci4Y19BPJy28A\/feed"]}]}},"_links":{"self":[{"href":"https:\/\/www.clubdelviatger.cat\/es\/wp-json\/wp\/v2\/viatges\/13323","targetHints":{"allow":["GET"]}}],"collection":[{"href":"https:\/\/www.clubdelviatger.cat\/es\/wp-json\/wp\/v2\/viatges"}],"about":[{"href":"https:\/\/www.clubdelviatger.cat\/es\/wp-json\/wp\/v2\/types\/viatges"}],"version-history":[{"count":0,"href":"https:\/\/www.clubdelviatger.cat\/es\/wp-json\/wp\/v2\/viatges\/13323\/revisions"}],"wp:featuredmedia":[{"embeddable":true,"href":"https:\/\/www.clubdelviatger.cat\/es\/wp-json\/wp\/v2\/media\/19519"}],"wp:attachment":[{"href":"https:\/\/www.clubdelviatger.cat\/es\/wp-json\/wp\/v2\/media?parent=13323"}],"wp:term":[{"taxonomy":"p_categories","embeddable":true,"href":"https:\/\/www.clubdelviatger.cat\/es\/wp-json\/wp\/v2\/p_categories?post=13323"},{"taxonomy":"p_calendari","embeddable":true,"href":"https:\/\/www.clubdelviatger.cat\/es\/wp-json\/wp\/v2\/p_calendari?post=13323"}],"curies":[{"name":"wp","href":"https:\/\/api.w.org\/{rel}","templated":true}]}}